{"id":1387,"date":"2022-08-17T11:12:48","date_gmt":"2022-08-17T11:12:48","guid":{"rendered":"https:\/\/www.lamemoriadelcabo.com\/?page_id=1387"},"modified":"2022-08-17T11:16:49","modified_gmt":"2022-08-17T11:16:49","slug":"protagonistas","status":"publish","type":"page","link":"https:\/\/www.lamemoriadelcabo.com\/index.php\/protagonistas\/","title":{"rendered":"Protagonistas"},"content":{"rendered":"<div id='av_section_1'  class='avia-section av-85h8aj-57e965b07e79d1e21600c2028c832140 main_color avia-section-huge avia-no-shadow  avia-builder-el-0  avia-builder-el-no-sibling  avia-bg-style-scroll container_wrap fullsize'  ><div class='container av-section-cont-open' ><main  role=\"main\" itemprop=\"mainContentOfPage\"  class='template-page content  av-content-full alpha units'><div class='post-entry post-entry-type-page post-entry-1387'><div class='entry-content-wrapper clearfix'>\n\n<style type=\"text\/css\" data-created_by=\"avia_inline_auto\" id=\"style-css-av-6434jv-c6830c098cc650cb80b3ef2479bd44d5\">\n#top .flex_column.av-6434jv-c6830c098cc650cb80b3ef2479bd44d5{\nmargin-top:0px;\nmargin-bottom:0px;\n}\n.flex_column.av-6434jv-c6830c098cc650cb80b3ef2479bd44d5{\nborder-radius:0px 0px 0px 0px;\n-webkit-border-radius:0px 0px 0px 0px;\n-moz-border-radius:0px 0px 0px 0px;\n}\n.responsive #top #wrap_all .flex_column.av-6434jv-c6830c098cc650cb80b3ef2479bd44d5{\nmargin-top:0px;\nmargin-bottom:0px;\n}\n<\/style>\n<div class='flex_column av-6434jv-c6830c098cc650cb80b3ef2479bd44d5 av_one_full  avia-builder-el-1  avia-builder-el-no-sibling  first flex_column_div  av-animated-generic fade-in av-zero-column-padding '   ><p>\n<style type=\"text\/css\" data-created_by=\"avia_inline_auto\" id=\"style-css-av-l6xijib0-7356468e26598613a69eb06001a8ecd5\">\n#top .av-special-heading.av-l6xijib0-7356468e26598613a69eb06001a8ecd5{\nmargin:00px 0 20px 0;\npadding-bottom:0px;\nfont-size:80px;\n}\nbody .av-special-heading.av-l6xijib0-7356468e26598613a69eb06001a8ecd5 .av-special-heading-tag .heading-char{\nfont-size:25px;\n}\n#top #wrap_all .av-special-heading.av-l6xijib0-7356468e26598613a69eb06001a8ecd5 .av-special-heading-tag{\nfont-size:80px;\n}\n.av-special-heading.av-l6xijib0-7356468e26598613a69eb06001a8ecd5 .av-subheading{\nfont-size:15px;\n}\n\n@media only screen and (max-width: 479px){ \n#top #wrap_all .av-special-heading.av-l6xijib0-7356468e26598613a69eb06001a8ecd5 .av-special-heading-tag{\nfont-size:60px;\n}\n}\n<\/style>\n<div  class='av-special-heading av-l6xijib0-7356468e26598613a69eb06001a8ecd5 av-special-heading-h3 blockquote modern-quote  avia-builder-el-2  el_before_av_textblock  avia-builder-el-first  av-inherit-size'><h3 class='av-special-heading-tag'  itemprop=\"headline\"  >Protagonistas<\/h3><div class=\"special-heading-border\"><div class=\"special-heading-inner-border\"><\/div><\/div><\/div><br \/>\n<section  class='av_textblock_section av-l6xij9z5-f347842248cf61cbda6c88a6485ed5d9'  itemscope=\"itemscope\" itemtype=\"https:\/\/schema.org\/CreativeWork\" ><div class='avia_textblock'  itemprop=\"text\" ><p>Son muchas las personas de este espacio que podr\u00edan haber sido protagonistas, la imposibilidad de contar con todas ellas convierte en esenciales a las personas entrevistadas para recabar la memoria de Cabo de Gata. Esta es una semblanza que intenta estar a a altura de su generosidad.<\/p>\n<\/div><\/section><br \/>\n\n<style type=\"text\/css\" data-created_by=\"avia_inline_auto\" id=\"style-css-av-3mvqzf-27732fefc84214344b4e563df36e7d6a\">\n#top .hr.hr-invisible.av-3mvqzf-27732fefc84214344b4e563df36e7d6a{\nheight:50px;\n}\n<\/style>\n<div  class='hr av-3mvqzf-27732fefc84214344b4e563df36e7d6a hr-invisible  avia-builder-el-4  el_after_av_textblock  el_before_av_masonry_entries  avia-builder-el-last '><span class='hr-inner '><span class=\"hr-inner-style\"><\/span><\/span><\/div><br \/>\n<div id='av-masonry-1' class='av-masonry av-2y0wh7-f207b99ab0b6fc518f44799e0f0f6e9b noHover av-fixed-size av-large-gap av-hover-overlay- av-masonry-animation-active av-masonry-col-5 av-caption-always av-caption-style- av-masonry-entries av-medium-columns-overwrite av-medium-columns-3 av-orientation-square '><div class=\"av-masonry-container isotope av-js-disabled\"><div class='av-masonry-entry isotope-item av-masonry-item-no-image '><\/div><a href=\"https:\/\/www.lamemoriadelcabo.com\/index.php\/portfolio-item\/a-dummy-portfolio-entry-1\/\"  id='av-masonry-1-item-605' data-av-masonry-item='605' class='av-masonry-entry isotope-item post-605 portfolio type-portfolio status-publish has-post-thumbnail hentry tag-almadraba tag-cine tag-emigracion tag-esparto tag-familias-terratenientes tag-faro tag-michelin tag-mineria tag-parque-natural tag-pesca tag-pueblo tag-salinas portfolio_entries-inicio portfolio_entries-testimonios  av-masonry-item-with-image' title=\"JOSEFA ROPERO. LA SE\u00d1ORA DE LAS SALINAS\"  itemscope=\"itemscope\" itemtype=\"https:\/\/schema.org\/CreativeWork\" ><div class='av-inner-masonry-sizer'><\/div><figure class='av-inner-masonry main_color'><div class=\"av-masonry-outerimage-container\"><div class='av-masonry-image-container' style=\"background-image: url(https:\/\/www.lamemoriadelcabo.com\/wp-content\/uploads\/2018\/04\/Josefa_Salinas-705x666.jpg);\"  ><\/div><\/div><\/figure><\/a><!--end av-masonry entry--><a href=\"https:\/\/www.lamemoriadelcabo.com\/index.php\/portfolio-item\/a-dummy-portfolio-entry-3\/\"  id='av-masonry-1-item-603' data-av-masonry-item='603' class='av-masonry-entry isotope-item post-603 portfolio type-portfolio status-publish has-post-thumbnail hentry tag-almadraba tag-cine tag-emigracion tag-esparto tag-familias-terratenientes tag-faro tag-michelin tag-mineria tag-parque-natural tag-pesca tag-pueblo tag-salinas portfolio_entries-inicio portfolio_entries-testimonios  av-masonry-item-with-image' title=\"ANTONIO \u201cEL BARBAS\u201d, LA MEMORIA DE LA PESCA\"  itemscope=\"itemscope\" itemtype=\"https:\/\/schema.org\/CreativeWork\" ><div class='av-inner-masonry-sizer'><\/div><figure class='av-inner-masonry main_color'><div class=\"av-masonry-outerimage-container\"><div class='av-masonry-image-container' style=\"background-image: url(https:\/\/www.lamemoriadelcabo.com\/wp-content\/uploads\/2018\/04\/Antonio_Barbas-705x666.jpg);\"  ><\/div><\/div><\/figure><\/a><!--end av-masonry entry--><a href=\"https:\/\/www.lamemoriadelcabo.com\/index.php\/portfolio-item\/a-dummy-portfolio-entry-5\/\"  id='av-masonry-1-item-601' data-av-masonry-item='601' class='av-masonry-entry isotope-item post-601 portfolio type-portfolio status-publish has-post-thumbnail hentry tag-almadraba tag-cine tag-emigracion tag-esparto tag-familias-terratenientes tag-faro tag-michelin tag-mineria tag-parque-natural tag-pesca tag-pueblo tag-salinas portfolio_entries-inicio portfolio_entries-testimonios  av-masonry-item-with-image' title=\"\u00c1NGEL MATEO G\u00d3MEZ, ALBACEA DEL IMAGINARIO DEL CABO\"  itemscope=\"itemscope\" itemtype=\"https:\/\/schema.org\/CreativeWork\" ><div class='av-inner-masonry-sizer'><\/div><figure class='av-inner-masonry main_color'><div class=\"av-masonry-outerimage-container\"><div class='av-masonry-image-container' style=\"background-image: url(https:\/\/www.lamemoriadelcabo.com\/wp-content\/uploads\/2018\/04\/Angel_Mateo06-705x705.jpg);\"  ><\/div><\/div><\/figure><\/a><!--end av-masonry entry--><a href=\"https:\/\/www.lamemoriadelcabo.com\/index.php\/portfolio-item\/a-dummy-portfolio-entry-7\/\"  id='av-masonry-1-item-599' data-av-masonry-item='599' class='av-masonry-entry isotope-item post-599 portfolio type-portfolio status-publish has-post-thumbnail hentry tag-almadraba tag-cine tag-emigracion tag-esparto tag-familias-terratenientes tag-faro tag-michelin tag-mineria tag-parque-natural tag-pesca tag-pueblo tag-salinas portfolio_entries-inicio portfolio_entries-testimonios  av-masonry-item-with-image' title=\"ANTONIO RODR\u00cdGUEZ RODR\u00cdGUEZ, EN OCASIONES ANTONIO PLAYA\"  itemscope=\"itemscope\" itemtype=\"https:\/\/schema.org\/CreativeWork\" ><div class='av-inner-masonry-sizer'><\/div><figure class='av-inner-masonry main_color'><div class=\"av-masonry-outerimage-container\"><div class='av-masonry-image-container' style=\"background-image: url(https:\/\/www.lamemoriadelcabo.com\/wp-content\/uploads\/2018\/04\/Antonio_Rodriguez04-705x705.jpg);\"  ><\/div><\/div><\/figure><\/a><!--end av-masonry entry--><a href=\"https:\/\/www.lamemoriadelcabo.com\/index.php\/portfolio-item\/a-dummy-portfolio-entry-9\/\"  id='av-masonry-1-item-597' data-av-masonry-item='597' class='av-masonry-entry isotope-item post-597 portfolio type-portfolio status-publish has-post-thumbnail hentry tag-almadraba tag-cine tag-emigracion tag-esparto tag-familias-terratenientes tag-faro tag-michelin tag-mineria tag-parque-natural tag-pesca tag-pueblo tag-salinas portfolio_entries-inicio portfolio_entries-testimonios  av-masonry-item-with-image' title=\"JOS\u00c9 P\u00c9REZ, MUCHO M\u00c1S QUE UN PAJARERO\"  itemscope=\"itemscope\" itemtype=\"https:\/\/schema.org\/CreativeWork\" ><div class='av-inner-masonry-sizer'><\/div><figure class='av-inner-masonry main_color'><div class=\"av-masonry-outerimage-container\"><div class='av-masonry-image-container' style=\"background-image: url(https:\/\/www.lamemoriadelcabo.com\/wp-content\/uploads\/2018\/04\/Pepe_Perez04-705x705.jpg);\"  ><\/div><\/div><\/figure><\/a><!--end av-masonry entry--><a href=\"https:\/\/www.lamemoriadelcabo.com\/index.php\/portfolio-item\/joaquin-perez-rull-y-las-simples-cosas\/\"  id='av-masonry-1-item-1155' data-av-masonry-item='1155' class='av-masonry-entry isotope-item post-1155 portfolio type-portfolio status-publish has-post-thumbnail hentry tag-almadraba tag-cine tag-emigracion tag-esparto tag-familias-terratenientes tag-faro tag-michelin tag-mineria tag-parque-natural tag-pesca tag-pueblo tag-salinas portfolio_entries-inicio portfolio_entries-testimonios  av-masonry-item-with-image' title=\"JOAQU\u00cdN P\u00c9REZ RULL Y LAS SIMPLES COSAS\"  itemscope=\"itemscope\" itemtype=\"https:\/\/schema.org\/CreativeWork\" ><div class='av-inner-masonry-sizer'><\/div><figure class='av-inner-masonry main_color'><div class=\"av-masonry-outerimage-container\"><div class='av-masonry-image-container' style=\"background-image: url(https:\/\/www.lamemoriadelcabo.com\/wp-content\/uploads\/2022\/08\/Joaquin_Perez02-705x705.jpg);\"  ><\/div><\/div><\/figure><\/a><!--end av-masonry entry--><a href=\"https:\/\/www.lamemoriadelcabo.com\/index.php\/portfolio-item\/a-dummy-portfolio-entry-11\/\"  id='av-masonry-1-item-595' data-av-masonry-item='595' class='av-masonry-entry isotope-item post-595 portfolio type-portfolio status-publish has-post-thumbnail hentry tag-almadraba tag-cine tag-emigracion tag-esparto tag-familias-terratenientes tag-faro tag-michelin tag-mineria tag-parque-natural tag-pesca tag-pueblo tag-salinas portfolio_entries-inicio portfolio_entries-testimonios  av-masonry-item-with-image' title=\"ANTONIO ZEA GANDOLFO, UNA ENTREVISTA FAMILIAR\"  itemscope=\"itemscope\" itemtype=\"https:\/\/schema.org\/CreativeWork\" ><div class='av-inner-masonry-sizer'><\/div><figure class='av-inner-masonry main_color'><div class=\"av-masonry-outerimage-container\"><div class='av-masonry-image-container' style=\"background-image: url(https:\/\/www.lamemoriadelcabo.com\/wp-content\/uploads\/2018\/04\/Antonio_Gandolfo03-705x705.jpg);\"  ><\/div><\/div><\/figure><\/a><!--end av-masonry entry--><a href=\"https:\/\/www.lamemoriadelcabo.com\/index.php\/portfolio-item\/joaquin-sanchez-el-senor-de-la-fabriquilla\/\"  id='av-masonry-1-item-1276' data-av-masonry-item='1276' class='av-masonry-entry isotope-item post-1276 portfolio type-portfolio status-publish has-post-thumbnail hentry tag-almadraba tag-cine tag-emigracion tag-esparto tag-familias-terratenientes tag-faro tag-michelin tag-mineria tag-parque-natural tag-pesca tag-pueblo tag-salinas portfolio_entries-inicio portfolio_entries-testimonios  av-masonry-item-with-image' title=\"JOAQU\u00cdN S\u00c1NCHEZ, EL SE\u00d1OR DE LA FABRIQUILLA\"  itemscope=\"itemscope\" itemtype=\"https:\/\/schema.org\/CreativeWork\" ><div class='av-inner-masonry-sizer'><\/div><figure class='av-inner-masonry main_color'><div class=\"av-masonry-outerimage-container\"><div class='av-masonry-image-container' style=\"background-image: url(https:\/\/www.lamemoriadelcabo.com\/wp-content\/uploads\/2022\/08\/Joaquin_Sanchez04-705x705.jpg);\"  ><\/div><\/div><\/figure><\/a><!--end av-masonry entry--><a href=\"https:\/\/www.lamemoriadelcabo.com\/index.php\/portfolio-item\/paco-marquez-el-senor-de-las-salinas\/\"  id='av-masonry-1-item-1292' data-av-masonry-item='1292' class='av-masonry-entry isotope-item post-1292 portfolio type-portfolio status-publish has-post-thumbnail hentry tag-almadraba tag-cine tag-emigracion tag-esparto tag-familias-terratenientes tag-faro tag-michelin tag-mineria tag-parque-natural tag-pesca tag-pueblo tag-salinas portfolio_entries-inicio portfolio_entries-testimonios  av-masonry-item-with-image' title=\"PACO M\u00c1RQUEZ, EL SE\u00d1OR DE LAS SALINAS\"  itemscope=\"itemscope\" itemtype=\"https:\/\/schema.org\/CreativeWork\" ><div class='av-inner-masonry-sizer'><\/div><figure class='av-inner-masonry main_color'><div class=\"av-masonry-outerimage-container\"><div class='av-masonry-image-container' style=\"background-image: url(https:\/\/www.lamemoriadelcabo.com\/wp-content\/uploads\/2022\/08\/Paco_Marquez03-705x705.jpg);\"  ><\/div><\/div><\/figure><\/a><!--end av-masonry entry--><a href=\"https:\/\/www.lamemoriadelcabo.com\/index.php\/portfolio-item\/el-hijo-de-antonia-la-viva-y-antonio-el-chato\/\"  id='av-masonry-1-item-1314' data-av-masonry-item='1314' class='av-masonry-entry isotope-item post-1314 portfolio type-portfolio status-publish has-post-thumbnail hentry tag-almadraba tag-cine tag-emigracion tag-esparto tag-familias-terratenientes tag-faro tag-michelin tag-mineria tag-parque-natural tag-pesca tag-pueblo tag-salinas portfolio_entries-inicio portfolio_entries-testimonios  av-masonry-item-with-image' title=\"EL HIJO DE ANTONIA \u201cLA VIVA\u201d y ANTONIO \u201cEL CHATO\u201d\"  itemscope=\"itemscope\" itemtype=\"https:\/\/schema.org\/CreativeWork\" ><div class='av-inner-masonry-sizer'><\/div><figure class='av-inner-masonry main_color'><div class=\"av-masonry-outerimage-container\"><div class='av-masonry-image-container' style=\"background-image: url(https:\/\/www.lamemoriadelcabo.com\/wp-content\/uploads\/2022\/08\/Luis_Rodriguez03-705x705.jpg);\"  ><\/div><\/div><\/figure><\/a><!--end av-masonry entry--><a href=\"https:\/\/www.lamemoriadelcabo.com\/index.php\/portfolio-item\/macarena-molina-hernandez-cientifica-del-mar\/\"  id='av-masonry-1-item-1326' data-av-masonry-item='1326' class='av-masonry-entry isotope-item post-1326 portfolio type-portfolio status-publish has-post-thumbnail hentry tag-almadraba tag-cine tag-emigracion tag-esparto tag-familias-terratenientes tag-faro tag-michelin tag-mineria tag-parque-natural tag-pesca tag-pueblo tag-salinas portfolio_entries-inicio portfolio_entries-testimonios  av-masonry-item-with-image' title=\"MACARENA MOLINA HERN\u00c1NDEZ, CIENT\u00cdFICA DEL MAR\"  itemscope=\"itemscope\" itemtype=\"https:\/\/schema.org\/CreativeWork\" ><div class='av-inner-masonry-sizer'><\/div><figure class='av-inner-masonry main_color'><div class=\"av-masonry-outerimage-container\"><div class='av-masonry-image-container' style=\"background-image: url(https:\/\/www.lamemoriadelcabo.com\/wp-content\/uploads\/2022\/07\/Macarena_02-705x326.jpg);\"  ><\/div><\/div><\/figure><\/a><!--end av-masonry entry--><\/div><\/div><\/p><\/div>\n","protected":false},"excerpt":{"rendered":"","protected":false},"author":2,"featured_media":0,"parent":0,"menu_order":0,"comment_status":"closed","ping_status":"closed","template":"","meta":{"footnotes":""},"class_list":["post-1387","page","type-page","status-publish","hentry"],"_links":{"self":[{"href":"https:\/\/www.lamemoriadelcabo.com\/index.php\/wp-json\/wp\/v2\/pages\/1387","targetHints":{"allow":["GET"]}}],"collection":[{"href":"https:\/\/www.lamemoriadelcabo.com\/index.php\/wp-json\/wp\/v2\/pages"}],"about":[{"href":"https:\/\/www.lamemoriadelcabo.com\/index.php\/wp-json\/wp\/v2\/types\/page"}],"author":[{"embeddable":true,"href":"https:\/\/www.lamemoriadelcabo.com\/index.php\/wp-json\/wp\/v2\/users\/2"}],"replies":[{"embeddable":true,"href":"https:\/\/www.lamemoriadelcabo.com\/index.php\/wp-json\/wp\/v2\/comments?post=1387"}],"version-history":[{"count":3,"href":"https:\/\/www.lamemoriadelcabo.com\/index.php\/wp-json\/wp\/v2\/pages\/1387\/revisions"}],"predecessor-version":[{"id":1395,"href":"https:\/\/www.lamemoriadelcabo.com\/index.php\/wp-json\/wp\/v2\/pages\/1387\/revisions\/1395"}],"wp:attachment":[{"href":"https:\/\/www.lamemoriadelcabo.com\/index.php\/wp-json\/wp\/v2\/media?parent=1387"}],"curies":[{"name":"wp","href":"https:\/\/api.w.org\/{rel}","templated":true}]}}