{"id":1163,"date":"2022-07-17T09:33:21","date_gmt":"2022-07-17T09:33:21","guid":{"rendered":"https:\/\/www.lamemoriadelcabo.com\/?post_type=portfolio&#038;p=1163"},"modified":"2023-01-13T19:49:43","modified_gmt":"2023-01-13T19:49:43","slug":"joaquin-perez-rull-o-aquel-nino-de-cabo-de-gata","status":"publish","type":"portfolio","link":"https:\/\/www.lamemoriadelcabo.com\/index.php\/portfolio-item\/joaquin-perez-rull-o-aquel-nino-de-cabo-de-gata\/","title":{"rendered":"JOAQU\u00cdN P\u00c9REZ RULL O AQUEL NI\u00d1O DE CABO DE GATA"},"content":{"rendered":"<div id='av_section_1'  class='avia-section av-1ncq6z-439f9063430a968a66afc41f9aea3fad main_color avia-section-huge avia-no-shadow  avia-builder-el-0  el_before_av_social_share  avia-builder-el-first  avia-bg-style-scroll container_wrap fullsize'  ><div class='container av-section-cont-open' ><main  role=\"main\" itemprop=\"mainContentOfPage\"  class='template-page content  av-content-full alpha units'><div class='post-entry post-entry-type-page post-entry-1163'><div class='entry-content-wrapper clearfix'>\n\n<style type=\"text\/css\" data-created_by=\"avia_inline_auto\" id=\"style-css-av-dn0f7f-13d7950f81ef250aa65fce619a7dadb7\">\n#top .flex_column.av-dn0f7f-13d7950f81ef250aa65fce619a7dadb7{\nmargin-top:0px;\nmargin-bottom:0px;\n}\n.flex_column.av-dn0f7f-13d7950f81ef250aa65fce619a7dadb7{\nborder-radius:0px 0px 0px 0px;\n-webkit-border-radius:0px 0px 0px 0px;\n-moz-border-radius:0px 0px 0px 0px;\n}\n.responsive #top #wrap_all .flex_column.av-dn0f7f-13d7950f81ef250aa65fce619a7dadb7{\nmargin-top:0px;\nmargin-bottom:0px;\n}\n<\/style>\n<div class='flex_column av-dn0f7f-13d7950f81ef250aa65fce619a7dadb7 av_one_full  avia-builder-el-1  el_before_av_masonry_gallery  avia-builder-el-no-sibling  first flex_column_div  av-animated-generic fade-in av-zero-column-padding '   ><style type=\"text\/css\" data-created_by=\"avia_inline_auto\" id=\"style-css-av-l6nc70jt-c1f6f69e713d0ec28b4d4aed9377fb60\">\n#top .av-special-heading.av-l6nc70jt-c1f6f69e713d0ec28b4d4aed9377fb60{\nmargin:40px 0 40px 0;\npadding-bottom:0px;\nfont-size:80px;\n}\nbody .av-special-heading.av-l6nc70jt-c1f6f69e713d0ec28b4d4aed9377fb60 .av-special-heading-tag .heading-char{\nfont-size:25px;\n}\n#top #wrap_all .av-special-heading.av-l6nc70jt-c1f6f69e713d0ec28b4d4aed9377fb60 .av-special-heading-tag{\nfont-size:80px;\n}\n.av-special-heading.av-l6nc70jt-c1f6f69e713d0ec28b4d4aed9377fb60 .av-subheading{\nfont-size:15px;\n}\n\n@media only screen and (max-width: 479px){ \n#top #wrap_all .av-special-heading.av-l6nc70jt-c1f6f69e713d0ec28b4d4aed9377fb60 .av-special-heading-tag{\nfont-size:60px;\n}\n}\n<\/style>\n<div  class='av-special-heading av-l6nc70jt-c1f6f69e713d0ec28b4d4aed9377fb60 av-special-heading-h3 blockquote modern-quote  avia-builder-el-2  avia-builder-el-no-sibling  av-inherit-size'><h3 class='av-special-heading-tag'  itemprop=\"headline\"  >JOAQU\u00cdN P\u00c9REZ RULL O AQUEL NI\u00d1O DE CABO DE GATA<\/h3><div class=\"special-heading-border\"><div class=\"special-heading-inner-border\"><\/div><\/div><\/div><\/div>\n<style type=\"text\/css\" data-created_by=\"avia_inline_auto\" id=\"style-css-av-l6ndj49r-49f9d6869e7d31036b668cf4a7d19136\">\n#top .av-masonry.av-l6ndj49r-49f9d6869e7d31036b668cf4a7d19136{\nbackground-color:#111111;\n}\n<\/style>\n<div id='av-masonry-1' class='av-masonry av-l6ndj49r-49f9d6869e7d31036b668cf4a7d19136 noHover av-fixed-size av-large-gap av-hover-overlay- av-masonry-animation-active av-masonry-col-5 av-caption-always av-caption-style- av-masonry-gallery av-orientation-square '><div class=\"av-masonry-container isotope av-js-disabled\"><div class='av-masonry-entry isotope-item av-masonry-item-no-image '><\/div><div id='av-masonry-1-item-1246' data-av-masonry-item='1246' class='av-masonry-entry isotope-item post-1246 attachment type-attachment status-inherit hentry  av-masonry-item-with-image'   itemprop=\"thumbnailUrl\" ><div class='av-inner-masonry-sizer'><\/div><figure class='av-inner-masonry main_color'><div class=\"av-masonry-outerimage-container\"><div class='av-masonry-image-container' style=\"background-image: url(https:\/\/www.lamemoriadelcabo.com\/wp-content\/uploads\/2022\/07\/Familia_JPRull03-1-e1660131880170-705x620.jpeg);\"  ><\/div><\/div><\/figure><\/div><!--end av-masonry entry--><div id='av-masonry-1-item-1243' data-av-masonry-item='1243' class='av-masonry-entry isotope-item post-1243 attachment type-attachment status-inherit hentry  av-masonry-item-with-image'   itemprop=\"thumbnailUrl\" ><div class='av-inner-masonry-sizer'><\/div><figure class='av-inner-masonry main_color'><div class=\"av-masonry-outerimage-container\"><div class='av-masonry-image-container' style=\"background-image: url(https:\/\/www.lamemoriadelcabo.com\/wp-content\/uploads\/2022\/07\/Familia_JPRull04-e1660131911147-604x705.jpeg);\"  ><\/div><\/div><\/figure><\/div><!--end av-masonry entry--><div id='av-masonry-1-item-1170' data-av-masonry-item='1170' class='av-masonry-entry isotope-item post-1170 attachment type-attachment status-inherit hentry  av-masonry-item-with-image'   itemprop=\"thumbnailUrl\" ><div class='av-inner-masonry-sizer'><\/div><figure class='av-inner-masonry main_color'><div class=\"av-masonry-outerimage-container\"><div class='av-masonry-image-container' style=\"background-image: url(https:\/\/www.lamemoriadelcabo.com\/wp-content\/uploads\/2022\/08\/Joaquin_Perez10-01-705x705.jpg);\"  ><\/div><\/div><\/figure><\/div><!--end av-masonry entry--><div id='av-masonry-1-item-1240' data-av-masonry-item='1240' class='av-masonry-entry isotope-item post-1240 attachment type-attachment status-inherit hentry  av-masonry-item-with-image'   itemprop=\"thumbnailUrl\" ><div class='av-inner-masonry-sizer'><\/div><figure class='av-inner-masonry main_color'><div class=\"av-masonry-outerimage-container\"><div class='av-masonry-image-container' style=\"background-image: url(https:\/\/www.lamemoriadelcabo.com\/wp-content\/uploads\/2022\/07\/Familia_JPRull-705x473.jpeg);\"  ><\/div><\/div><\/figure><\/div><!--end av-masonry entry--><div id='av-masonry-1-item-1241' data-av-masonry-item='1241' class='av-masonry-entry isotope-item post-1241 attachment type-attachment status-inherit hentry  av-masonry-item-with-image'   itemprop=\"thumbnailUrl\" ><div class='av-inner-masonry-sizer'><\/div><figure class='av-inner-masonry main_color'><div class=\"av-masonry-outerimage-container\"><div class='av-masonry-image-container' style=\"background-image: url(https:\/\/www.lamemoriadelcabo.com\/wp-content\/uploads\/2022\/07\/Familia_JPRull01-475x705.jpeg);\"  ><\/div><\/div><\/figure><\/div><!--end av-masonry entry--><\/div><\/div>\n\n<style type=\"text\/css\" data-created_by=\"avia_inline_auto\" id=\"style-css-av-cvceq3-ab952cf009e465726904642c2c17ae6b\">\n#top .hr.hr-invisible.av-cvceq3-ab952cf009e465726904642c2c17ae6b{\nheight:70px;\n}\n<\/style>\n<div  class='hr av-cvceq3-ab952cf009e465726904642c2c17ae6b hr-invisible  avia-builder-el-4  el_after_av_masonry_gallery  el_before_av_textblock  avia-builder-el-first '><span class='hr-inner '><span class=\"hr-inner-style\"><\/span><\/span><\/div>\n<section  class='av_textblock_section av-l6nc9oxv-1c09ae98c00a91dae162ecf25b2f1b5a'  itemscope=\"itemscope\" itemtype=\"https:\/\/schema.org\/CreativeWork\" ><div class='avia_textblock'  itemprop=\"text\" ><blockquote>\n<h3>Nos habla Joaqu\u00edn de la bondad de su madre y sus hermanos, de la gracia y \u201cGracia\u201d de su abuela, de la relaci\u00f3n mantenida a lo largo de los a\u00f1os con los que siempre ha considerado sus vecinos.<\/h3>\n<\/blockquote>\n<\/div><\/section>\n\n<style type=\"text\/css\" data-created_by=\"avia_inline_auto\" id=\"style-css-av-ammo8r-eac2175765d517ce859019d3738781ab\">\n#top .hr.hr-invisible.av-ammo8r-eac2175765d517ce859019d3738781ab{\nmargin-top:-10px;\nheight:1px;\n}\n<\/style>\n<div  class='hr av-ammo8r-eac2175765d517ce859019d3738781ab hr-invisible  avia-builder-el-6  el_after_av_textblock  el_before_av_one_half '><span class='hr-inner '><span class=\"hr-inner-style\"><\/span><\/span><\/div>\n\n<style type=\"text\/css\" data-created_by=\"avia_inline_auto\" id=\"style-css-av-9dmimj-3cd59723042bad619f55a99f610516e5\">\n.flex_column.av-9dmimj-3cd59723042bad619f55a99f610516e5{\nborder-radius:0px 0px 0px 0px;\n-webkit-border-radius:0px 0px 0px 0px;\n-moz-border-radius:0px 0px 0px 0px;\n}\n<\/style>\n<div class='flex_column av-9dmimj-3cd59723042bad619f55a99f610516e5 av_one_half  avia-builder-el-7  el_after_av_hr  el_before_av_one_half  first flex_column_div  av-animated-generic bottom-to-top av-zero-column-padding '   ><section  class='av_textblock_section av-l6nc7ccv-93d040d93f6c79d14222c8e78d9223cd'  itemscope=\"itemscope\" itemtype=\"https:\/\/schema.org\/CreativeWork\" ><div class='avia_textblock'  itemprop=\"text\" ><p>Cuando hab\u00edamos alcanzado la decena de entrevistas, sabedores de que el tiempo del documental previsto ya estaba m\u00e1s que superado, intent\u00e1bamos cerrar entrevistas con personas que pudieran revelar aspectos que complementaran el relato sobre Cabo de Gata de las primeras entrevistas, relato que ya daba para dos documentales como el previsto inicialmente y que ofrec\u00eda m\u00e1s contenido del esperado. En este punto el director se tranquiliza en lo que se refiere a la calidad del contenido y comienzan los v\u00e9rtigos en todo lo que se refiere a la duraci\u00f3n del documental, v\u00e9rtigos mayores en un mundo que valora lo fugaz y subestima lo esencial. Sirva esta \u00faltima proposici\u00f3n como descarga terap\u00e9utica del que esto escribe.<br \/>\nEn el caso de Joaqu\u00edn, la entrevista se realiz\u00f3 cuando estaba completado el guion. En todo caso, ten\u00eda claro que Joaqu\u00edn podr\u00eda aportar con su relato la evidencia de un emigrante cualificado y de un ni\u00f1o que fue del Cabo de Gata de los a\u00f1os sesenta y setenta del pasado siglo.<br \/>\nComo suele ser habitual en las entrevistas rezagadas, el guionista que esto escribe se congratula de haber tenido la oportunidad de contar con el relato de Joaqu\u00edn.<br \/>\nEn no mucho m\u00e1s de media hora de total, que es como llamamos en este mundo a los cortes de las entrevistas, Joaqu\u00edn hace referencia a la agricultura, a la importancia en la pesca de la lav\u00e1, a la emigraci\u00f3n puntual a Alemania de su padre, agricultor en el paraje de Los Rubiales.<\/p>\n<\/div><\/section><\/div>\n<style type=\"text\/css\" data-created_by=\"avia_inline_auto\" id=\"style-css-av-7zwtm3-4666d7d0c07cedaa5d95050aab27d3a2\">\n.flex_column.av-7zwtm3-4666d7d0c07cedaa5d95050aab27d3a2{\nborder-radius:0px 0px 0px 0px;\n-webkit-border-radius:0px 0px 0px 0px;\n-moz-border-radius:0px 0px 0px 0px;\n}\n<\/style>\n<div class='flex_column av-7zwtm3-4666d7d0c07cedaa5d95050aab27d3a2 av_one_half  avia-builder-el-9  el_after_av_one_half  avia-builder-el-last  flex_column_div  av-animated-generic bottom-to-top av-zero-column-padding '   ><section  class='av_textblock_section av-l6nc7u0h-a8691b883b5c1e5d6d882be5416bff66'  itemscope=\"itemscope\" itemtype=\"https:\/\/schema.org\/CreativeWork\" ><div class='avia_textblock'  itemprop=\"text\" ><p>Tambi\u00e9n nos habla Joaqu\u00edn de la bondad de su madre y sus hermanos, de la gracia y \u201cGracia\u201d de su abuela, de la relaci\u00f3n mantenida a lo largo de los a\u00f1os con los que siempre ha considerado sus vecinos.<br \/>\nEn el tintero queda el relato de su carrera profesional, esa que comenz\u00f3 como m\u00e9dico de familia en pueblos de Almer\u00eda, tambi\u00e9n en Cabo de Gata. Carrera que continu\u00f3 en Par\u00eds, en Madrid y que quiere cerrar en Almer\u00eda.<br \/>\nMientras abandonamos el lugar de la entrevista, Joaqu\u00edn se queda saludando a sus vecinos y cantando con uno de ellos la archiconocida ranchera de Vicente Fern\u00e1ndez:<br \/>\n\u201cCon dinero y sin dinero<br \/>\nYo hago siempre lo que quiero<br \/>\nY mi palabra es la ley<br \/>\nNo tengo trono ni reina<br \/>\nNi nadie que me comprenda<br \/>\nPero sigo siendo el rey\u201d<br \/>\nNada estaba preparado, todo fluy\u00f3 natural.<\/p>\n<\/div><\/section><\/div><\/div><\/div><\/main><!-- close content main element --><\/div><\/div><div id='after_section_1'  class='main_color av_default_container_wrap container_wrap fullsize'  ><div class='container av-section-cont-open' ><div class='template-page content  av-content-full alpha units'><div class='post-entry post-entry-type-page post-entry-1163'><div class='entry-content-wrapper clearfix'><div  class='av-social-sharing-box av-577zsb-423e3a05941a9a8b927b97ef35e66167 av-social-sharing-box-default  avia-builder-el-11  el_after_av_section  el_before_av_one_full  avia-builder-el-first  av-social-sharing-box-fullwidth'><div class=\"av-share-box\"><h5 class='av-share-link-description av-no-toc '>Compartir esta entrada<\/h5><ul class=\"av-share-box-list noLightbox\"><li class='av-share-link av-social-link-facebook' ><a target=\"_blank\" aria-label=\"Compartir en Facebook\" href='https:\/\/www.facebook.com\/sharer.php?u=https:\/\/www.lamemoriadelcabo.com\/index.php\/portfolio-item\/joaquin-perez-rull-o-aquel-nino-de-cabo-de-gata\/&#038;t=JOAQU%C3%8DN%20P%C3%89REZ%20RULL%20O%20AQUEL%20NI%C3%91O%20DE%20CABO%20DE%20GATA' aria-hidden='false' data-av_icon='\ue8f3' data-av_iconfont='entypo-fontello' title='' data-avia-related-tooltip='Compartir en Facebook' rel=\"noopener\"><span class='avia_hidden_link_text'>Compartir en Facebook<\/span><\/a><\/li><li class='av-share-link av-social-link-twitter' ><a target=\"_blank\" aria-label=\"Compartir en Twitter\" href='https:\/\/twitter.com\/share?text=JOAQU%C3%8DN%20P%C3%89REZ%20RULL%20O%20AQUEL%20NI%C3%91O%20DE%20CABO%20DE%20GATA&#038;url=https:\/\/www.lamemoriadelcabo.com\/?p=1163' aria-hidden='false' data-av_icon='\ue8f1' data-av_iconfont='entypo-fontello' title='' data-avia-related-tooltip='Compartir en Twitter' rel=\"noopener\"><span class='avia_hidden_link_text'>Compartir en Twitter<\/span><\/a><\/li><li class='av-share-link av-social-link-whatsapp' ><a target=\"_blank\" aria-label=\"Share on WhatsApp\" href='https:\/\/api.whatsapp.com\/send?text=https:\/\/www.lamemoriadelcabo.com\/index.php\/portfolio-item\/joaquin-perez-rull-o-aquel-nino-de-cabo-de-gata\/' aria-hidden='false' data-av_icon='\uf232' data-av_iconfont='entypo-fontello' title='' data-avia-related-tooltip='Share on WhatsApp' rel=\"noopener\"><span class='avia_hidden_link_text'>Share on WhatsApp<\/span><\/a><\/li><li class='av-share-link av-social-link-mail' ><a  aria-label=\"Compartir por correo\" href='mailto:?subject=JOAQU%C3%8DN%20P%C3%89REZ%20RULL%20O%20AQUEL%20NI%C3%91O%20DE%20CABO%20DE%20GATA&#038;body=https:\/\/www.lamemoriadelcabo.com\/index.php\/portfolio-item\/joaquin-perez-rull-o-aquel-nino-de-cabo-de-gata\/' aria-hidden='false' data-av_icon='\ue805' data-av_iconfont='entypo-fontello' title='' data-avia-related-tooltip='Compartir por correo'><span class='avia_hidden_link_text'>Compartir por correo<\/span><\/a><\/li><\/ul><\/div><\/div><\/p>\n\n<style type=\"text\/css\" data-created_by=\"avia_inline_auto\" id=\"style-css-av-gsg5n-873951dcca8416e11f67dde5d27129c8\">\n.flex_column.av-gsg5n-873951dcca8416e11f67dde5d27129c8{\nborder-radius:0px 0px 0px 0px;\n-webkit-border-radius:0px 0px 0px 0px;\n-moz-border-radius:0px 0px 0px 0px;\n}\n<\/style>\n<div class='flex_column av-gsg5n-873951dcca8416e11f67dde5d27129c8 av_one_full  avia-builder-el-12  el_after_av_social_share  avia-builder-el-last  first flex_column_div  av-animated-generic bottom-to-top av-zero-column-padding '   ><section  class='av_textblock_section av-30zum3-314a5a5817c496abee1ce3fb2fcdbd33'  itemscope=\"itemscope\" itemtype=\"https:\/\/schema.org\/CreativeWork\" ><div class='avia_textblock'  itemprop=\"text\" ><p style=\"text-align: center;\">Manuel C. Rodr\u00edguez Rodr\u00edguez. Direcci\u00f3n-Documentaci\u00f3n-Guion de la serie documental \u00abLa Memoria del Cabo\u00bb<\/p>\n<\/div><\/section><\/div>\n","protected":false},"excerpt":{"rendered":"","protected":false},"featured_media":1176,"comment_status":"open","ping_status":"closed","template":"","tags":[25,28,27,23,22,29,31,24,32,30,33,26],"portfolio_entries":[35,21],"class_list":["post-1163","portfolio","type-portfolio","status-publish","has-post-thumbnail","hentry","tag-almadraba","tag-cine","tag-emigracion","tag-esparto","tag-familias-terratenientes","tag-faro","tag-michelin","tag-mineria","tag-parque-natural","tag-pesca","tag-pueblo","tag-salinas","portfolio_entries-inicio","portfolio_entries-las-localizaciones"],"_links":{"self":[{"href":"https:\/\/www.lamemoriadelcabo.com\/index.php\/wp-json\/wp\/v2\/portfolio\/1163","targetHints":{"allow":["GET"]}}],"collection":[{"href":"https:\/\/www.lamemoriadelcabo.com\/index.php\/wp-json\/wp\/v2\/portfolio"}],"about":[{"href":"https:\/\/www.lamemoriadelcabo.com\/index.php\/wp-json\/wp\/v2\/types\/portfolio"}],"replies":[{"embeddable":true,"href":"https:\/\/www.lamemoriadelcabo.com\/index.php\/wp-json\/wp\/v2\/comments?post=1163"}],"version-history":[{"count":6,"href":"https:\/\/www.lamemoriadelcabo.com\/index.php\/wp-json\/wp\/v2\/portfolio\/1163\/revisions"}],"predecessor-version":[{"id":1245,"href":"https:\/\/www.lamemoriadelcabo.com\/index.php\/wp-json\/wp\/v2\/portfolio\/1163\/revisions\/1245"}],"wp:featuredmedia":[{"embeddable":true,"href":"https:\/\/www.lamemoriadelcabo.com\/index.php\/wp-json\/wp\/v2\/media\/1176"}],"wp:attachment":[{"href":"https:\/\/www.lamemoriadelcabo.com\/index.php\/wp-json\/wp\/v2\/media?parent=1163"}],"wp:term":[{"taxonomy":"post_tag","embeddable":true,"href":"https:\/\/www.lamemoriadelcabo.com\/index.php\/wp-json\/wp\/v2\/tags?post=1163"},{"taxonomy":"portfolio_entries","embeddable":true,"href":"https:\/\/www.lamemoriadelcabo.com\/index.php\/wp-json\/wp\/v2\/portfolio_entries?post=1163"}],"curies":[{"name":"wp","href":"https:\/\/api.w.org\/{rel}","templated":true}]}}