{"id":1276,"date":"2022-07-15T09:30:28","date_gmt":"2022-07-15T09:30:28","guid":{"rendered":"https:\/\/www.lamemoriadelcabo.com\/?post_type=portfolio&#038;p=1276"},"modified":"2022-08-16T09:11:16","modified_gmt":"2022-08-16T09:11:16","slug":"joaquin-sanchez-el-senor-de-la-fabriquilla","status":"publish","type":"portfolio","link":"https:\/\/www.lamemoriadelcabo.com\/index.php\/portfolio-item\/joaquin-sanchez-el-senor-de-la-fabriquilla\/","title":{"rendered":"JOAQU\u00cdN S\u00c1NCHEZ, EL SE\u00d1OR DE LA FABRIQUILLA"},"content":{"rendered":"<div id='av_section_1'  class='avia-section av-av_section-48a938ca8bb4cd064b623f9cec28653d main_color avia-section-huge avia-no-shadow  avia-builder-el-0  el_before_av_social_share  avia-builder-el-first  avia-bg-style-scroll container_wrap fullsize'  ><div class='container av-section-cont-open' ><main  role=\"main\" itemprop=\"mainContentOfPage\"  class='template-page content  av-content-full alpha units'><div class='post-entry post-entry-type-page post-entry-1276'><div class='entry-content-wrapper clearfix'>\n\n<style type=\"text\/css\" data-created_by=\"avia_inline_auto\" id=\"style-css-av-av_one_full-e2b88389f62c73f8ddec490f6c06cd95\">\n#top .flex_column.av-av_one_full-e2b88389f62c73f8ddec490f6c06cd95{\nmargin-top:0px;\nmargin-bottom:0px;\n}\n.flex_column.av-av_one_full-e2b88389f62c73f8ddec490f6c06cd95{\nborder-radius:0px 0px 0px 0px;\n-webkit-border-radius:0px 0px 0px 0px;\n-moz-border-radius:0px 0px 0px 0px;\n}\n.responsive #top #wrap_all .flex_column.av-av_one_full-e2b88389f62c73f8ddec490f6c06cd95{\nmargin-top:0px;\nmargin-bottom:0px;\n}\n<\/style>\n<div class='flex_column av-av_one_full-e2b88389f62c73f8ddec490f6c06cd95 av_one_full  avia-builder-el-1  el_before_av_masonry_gallery  avia-builder-el-no-sibling  first flex_column_div  av-animated-generic fade-in av-zero-column-padding '   ><style type=\"text\/css\" data-created_by=\"avia_inline_auto\" id=\"style-css-av-l6vy2iu5-fc51349959fae516f17f0af0f4fd3f56\">\n#top .av-special-heading.av-l6vy2iu5-fc51349959fae516f17f0af0f4fd3f56{\nmargin:40px 0 40px 0;\npadding-bottom:0px;\nfont-size:80px;\n}\nbody .av-special-heading.av-l6vy2iu5-fc51349959fae516f17f0af0f4fd3f56 .av-special-heading-tag .heading-char{\nfont-size:25px;\n}\n#top #wrap_all .av-special-heading.av-l6vy2iu5-fc51349959fae516f17f0af0f4fd3f56 .av-special-heading-tag{\nfont-size:80px;\n}\n.av-special-heading.av-l6vy2iu5-fc51349959fae516f17f0af0f4fd3f56 .av-subheading{\nfont-size:15px;\n}\n\n@media only screen and (max-width: 479px){ \n#top #wrap_all .av-special-heading.av-l6vy2iu5-fc51349959fae516f17f0af0f4fd3f56 .av-special-heading-tag{\nfont-size:60px;\n}\n}\n<\/style>\n<div  class='av-special-heading av-l6vy2iu5-fc51349959fae516f17f0af0f4fd3f56 av-special-heading-h3 blockquote modern-quote  avia-builder-el-2  avia-builder-el-no-sibling  av-inherit-size'><h3 class='av-special-heading-tag'  itemprop=\"headline\"  >JOAQU\u00cdN S\u00c1NCHEZ, EL SE\u00d1OR DE LA FABRIQUILLA<\/h3><div class=\"special-heading-border\"><div class=\"special-heading-inner-border\"><\/div><\/div><\/div><\/div>\n<style type=\"text\/css\" data-created_by=\"avia_inline_auto\" id=\"style-css-av-l6vy6byt-42a27c788960f272c5f3c32ff74fd4bf\">\n#top .av-masonry.av-l6vy6byt-42a27c788960f272c5f3c32ff74fd4bf{\nbackground-color:#111111;\n}\n<\/style>\n<div id='av-masonry-1' class='av-masonry av-l6vy6byt-42a27c788960f272c5f3c32ff74fd4bf noHover av-fixed-size av-large-gap av-hover-overlay- av-masonry-animation-active av-masonry-col-3 av-caption-always av-caption-style- av-masonry-gallery av-orientation-square '><div class=\"av-masonry-container isotope av-js-disabled\"><div class='av-masonry-entry isotope-item av-masonry-item-no-image '><\/div><div id='av-masonry-1-item-1277' data-av-masonry-item='1277' class='av-masonry-entry isotope-item post-1277 attachment type-attachment status-inherit hentry  av-masonry-item-with-image'   itemprop=\"thumbnailUrl\" ><div class='av-inner-masonry-sizer'><\/div><figure class='av-inner-masonry main_color'><div class=\"av-masonry-outerimage-container\"><div class='av-masonry-image-container' style=\"background-image: url(https:\/\/www.lamemoriadelcabo.com\/wp-content\/uploads\/2022\/08\/Joaquin_Sanchez02-705x705.jpg);\"  ><\/div><\/div><\/figure><\/div><!--end av-masonry entry--><div id='av-masonry-1-item-1279' data-av-masonry-item='1279' class='av-masonry-entry isotope-item post-1279 attachment type-attachment status-inherit hentry  av-masonry-item-with-image'   itemprop=\"thumbnailUrl\" ><div class='av-inner-masonry-sizer'><\/div><figure class='av-inner-masonry main_color'><div class=\"av-masonry-outerimage-container\"><div class='av-masonry-image-container' style=\"background-image: url(https:\/\/www.lamemoriadelcabo.com\/wp-content\/uploads\/2022\/08\/Joaquin_Sanchez032-705x705.jpg);\"  ><\/div><\/div><\/figure><\/div><!--end av-masonry entry--><div id='av-masonry-1-item-1278' data-av-masonry-item='1278' class='av-masonry-entry isotope-item post-1278 attachment type-attachment status-inherit hentry  av-masonry-item-with-image'   itemprop=\"thumbnailUrl\" ><div class='av-inner-masonry-sizer'><\/div><figure class='av-inner-masonry main_color'><div class=\"av-masonry-outerimage-container\"><div class='av-masonry-image-container' style=\"background-image: url(https:\/\/www.lamemoriadelcabo.com\/wp-content\/uploads\/2022\/08\/Joaquin_Sanchez04-705x705.jpg);\"  ><\/div><\/div><\/figure><\/div><!--end av-masonry entry--><\/div><\/div>\n\n<style type=\"text\/css\" data-created_by=\"avia_inline_auto\" id=\"style-css-av-av_hr-33d586901e5b6d28580a1d1bd568b366\">\n#top .hr.hr-invisible.av-av_hr-33d586901e5b6d28580a1d1bd568b366{\nheight:70px;\n}\n<\/style>\n<div  class='hr av-av_hr-33d586901e5b6d28580a1d1bd568b366 hr-invisible  avia-builder-el-4  el_after_av_masonry_gallery  el_before_av_textblock  avia-builder-el-first '><span class='hr-inner '><span class=\"hr-inner-style\"><\/span><\/span><\/div>\n<section  class='av_textblock_section av-l6vy3rl2-c61c525fccb1749196c325adc914be56'  itemscope=\"itemscope\" itemtype=\"https:\/\/schema.org\/CreativeWork\" ><div class='avia_textblock'  itemprop=\"text\" ><blockquote>\n<h3>Llegamos a Joaqu\u00edn por haber sido arriero de pescado, cuando termina la entrevista descubrimos que no resultar\u00eda exagerado indicar que Joaqu\u00edn es arriero y mil cosas m\u00e1s.<\/h3>\n<\/blockquote>\n<\/div><\/section>\n\n<style type=\"text\/css\" data-created_by=\"avia_inline_auto\" id=\"style-css-av-av_hr-1551a9ed3655fd085757b568af9dabf5\">\n#top .hr.hr-invisible.av-av_hr-1551a9ed3655fd085757b568af9dabf5{\nmargin-top:-10px;\nheight:1px;\n}\n<\/style>\n<div  class='hr av-av_hr-1551a9ed3655fd085757b568af9dabf5 hr-invisible  avia-builder-el-6  el_after_av_textblock  el_before_av_one_half '><span class='hr-inner '><span class=\"hr-inner-style\"><\/span><\/span><\/div>\n\n<style type=\"text\/css\" data-created_by=\"avia_inline_auto\" id=\"style-css-av-av_one_half-43099820475611fbbfa5180d953d86ba\">\n.flex_column.av-av_one_half-43099820475611fbbfa5180d953d86ba{\nborder-radius:0px 0px 0px 0px;\n-webkit-border-radius:0px 0px 0px 0px;\n-moz-border-radius:0px 0px 0px 0px;\n}\n<\/style>\n<div class='flex_column av-av_one_half-43099820475611fbbfa5180d953d86ba av_one_half  avia-builder-el-7  el_after_av_hr  el_before_av_one_half  first flex_column_div  av-animated-generic bottom-to-top av-zero-column-padding '   ><section  class='av_textblock_section av-l6vy42t5-ebe5832f04bc3f353949039524b66cc3'  itemscope=\"itemscope\" itemtype=\"https:\/\/schema.org\/CreativeWork\" ><div class='avia_textblock'  itemprop=\"text\" ><p>En La Fabriquilla, ese n\u00facleo que escapa hacia el cabo y que parece resistirse a quedar deshabitado, entrevistamos a Joaqu\u00edn S\u00e1nchez, se\u00f1or octogenario al que acudo como arriero, aunque es evidente que Joaqu\u00edn ha sido mil cosas m\u00e1s.<br \/>\nPedimos a Joaqu\u00edn que nos acompa\u00f1e a pie de playa, lugar donde ubicaremos la entrevista, all\u00ed comienza una entrevista que me muestra la posibilidad que ofrece el testimonio de una persona que ahora llamar\u00edamos emprendedora y que manifiesta su experiencia en distintos campos.<br \/>\nEl relato de Joaqu\u00edn es toda una oportunidad para acercarnos a otras realidades que han resultado importantes en la memoria de Cabo de Gata, considerado el espacio que va del cabo al pueblo de Cabo de Gata.<\/p>\n<\/div><\/section><\/div>\n<style type=\"text\/css\" data-created_by=\"avia_inline_auto\" id=\"style-css-av-av_one_half-334f9af36cea173305c45a30c585176c\">\n.flex_column.av-av_one_half-334f9af36cea173305c45a30c585176c{\nborder-radius:0px 0px 0px 0px;\n-webkit-border-radius:0px 0px 0px 0px;\n-moz-border-radius:0px 0px 0px 0px;\n}\n<\/style>\n<div class='flex_column av-av_one_half-334f9af36cea173305c45a30c585176c av_one_half  avia-builder-el-9  el_after_av_one_half  avia-builder-el-last  flex_column_div  av-animated-generic bottom-to-top av-zero-column-padding '   ><section  class='av_textblock_section av-l6vy49y1-5a93f7a049d914d1019a2db185bf49ed'  itemscope=\"itemscope\" itemtype=\"https:\/\/schema.org\/CreativeWork\" ><div class='avia_textblock'  itemprop=\"text\" ><p>Es certero Joaqu\u00edn en sus referencias, planteando elementos que permiten corroborar el r\u00e9gimen de explotaci\u00f3n y propiedad de las tierras de Cabo de Gata, el car\u00e1cter epis\u00f3dico de una experiencia ganadera, el inicio del turismo o el desarrollo agr\u00edcola de la zona.<br \/>\nTras estar algunas horas analizando y seleccionando los cortes que la entrevista de Joaqu\u00edn nos ofrece, me resultan familiares sus giros al abordar las respuestas, su control del relato y un tamiz sonoro que parece subrayar que estamos ante la voz de la experiencia.<br \/>\nLlegamos a Joaqu\u00edn por haber sido arriero de pescado, cuando termina la entrevista descubrimos que no resultar\u00eda exagerado indicar que Joaqu\u00edn es arriero y mil cosas m\u00e1s.<\/p>\n<\/div><\/section><\/div><\/div><\/div><\/main><!-- close content main element --><\/div><\/div><div id='after_section_1'  class='main_color av_default_container_wrap container_wrap fullsize'  ><div class='container av-section-cont-open' ><div class='template-page content  av-content-full alpha units'><div class='post-entry post-entry-type-page post-entry-1276'><div class='entry-content-wrapper clearfix'><div  class='av-social-sharing-box av-av_social_share-415daad0022a0eda75f125ebfcea0d61 av-social-sharing-box-default  avia-builder-el-11  el_after_av_section  el_before_av_one_full  avia-builder-el-first  av-social-sharing-box-fullwidth'><div class=\"av-share-box\"><h5 class='av-share-link-description av-no-toc '>Compartir esta entrada<\/h5><ul class=\"av-share-box-list noLightbox\"><li class='av-share-link av-social-link-facebook' ><a target=\"_blank\" aria-label=\"Compartir en Facebook\" href='https:\/\/www.facebook.com\/sharer.php?u=https:\/\/www.lamemoriadelcabo.com\/index.php\/portfolio-item\/joaquin-sanchez-el-senor-de-la-fabriquilla\/&#038;t=JOAQU%C3%8DN%20S%C3%81NCHEZ%2C%20EL%20SE%C3%91OR%20DE%20LA%20FABRIQUILLA' aria-hidden='false' data-av_icon='\ue8f3' data-av_iconfont='entypo-fontello' title='' data-avia-related-tooltip='Compartir en Facebook' rel=\"noopener\"><span class='avia_hidden_link_text'>Compartir en Facebook<\/span><\/a><\/li><li class='av-share-link av-social-link-twitter' ><a target=\"_blank\" aria-label=\"Compartir en Twitter\" href='https:\/\/twitter.com\/share?text=JOAQU%C3%8DN%20S%C3%81NCHEZ%2C%20EL%20SE%C3%91OR%20DE%20LA%20FABRIQUILLA&#038;url=https:\/\/www.lamemoriadelcabo.com\/?p=1276' aria-hidden='false' data-av_icon='\ue8f1' data-av_iconfont='entypo-fontello' title='' data-avia-related-tooltip='Compartir en Twitter' rel=\"noopener\"><span class='avia_hidden_link_text'>Compartir en Twitter<\/span><\/a><\/li><li class='av-share-link av-social-link-whatsapp' ><a target=\"_blank\" aria-label=\"Share on WhatsApp\" href='https:\/\/api.whatsapp.com\/send?text=https:\/\/www.lamemoriadelcabo.com\/index.php\/portfolio-item\/joaquin-sanchez-el-senor-de-la-fabriquilla\/' aria-hidden='false' data-av_icon='\uf232' data-av_iconfont='entypo-fontello' title='' data-avia-related-tooltip='Share on WhatsApp' rel=\"noopener\"><span class='avia_hidden_link_text'>Share on WhatsApp<\/span><\/a><\/li><li class='av-share-link av-social-link-mail' ><a  aria-label=\"Compartir por correo\" href='mailto:?subject=JOAQU%C3%8DN%20S%C3%81NCHEZ%2C%20EL%20SE%C3%91OR%20DE%20LA%20FABRIQUILLA&#038;body=https:\/\/www.lamemoriadelcabo.com\/index.php\/portfolio-item\/joaquin-sanchez-el-senor-de-la-fabriquilla\/' aria-hidden='false' data-av_icon='\ue805' data-av_iconfont='entypo-fontello' title='' data-avia-related-tooltip='Compartir por correo'><span class='avia_hidden_link_text'>Compartir por correo<\/span><\/a><\/li><\/ul><\/div><\/div><\/p>\n\n<style type=\"text\/css\" data-created_by=\"avia_inline_auto\" id=\"style-css-av-av_one_full-43099820475611fbbfa5180d953d86ba\">\n.flex_column.av-av_one_full-43099820475611fbbfa5180d953d86ba{\nborder-radius:0px 0px 0px 0px;\n-webkit-border-radius:0px 0px 0px 0px;\n-moz-border-radius:0px 0px 0px 0px;\n}\n<\/style>\n<div class='flex_column av-av_one_full-43099820475611fbbfa5180d953d86ba av_one_full  avia-builder-el-12  el_after_av_social_share  avia-builder-el-last  first flex_column_div  av-animated-generic bottom-to-top av-zero-column-padding '   ><section  class='av_textblock_section av-av_textblock-e878f05c31dff72941bf1e49a00d9ff5'  itemscope=\"itemscope\" itemtype=\"https:\/\/schema.org\/CreativeWork\" ><div class='avia_textblock'  itemprop=\"text\" ><p style=\"text-align: center;\">Manuel C. Rodr\u00edguez Rodr\u00edguez. Direcci\u00f3n-Documentaci\u00f3n-Guion de la serie documental \u00abLa Memoria del Cabo\u00bb<\/p>\n<\/div><\/section><\/div>\n","protected":false},"excerpt":{"rendered":"","protected":false},"featured_media":1278,"comment_status":"open","ping_status":"closed","template":"","tags":[25,28,27,23,22,29,31,24,32,30,33,26],"portfolio_entries":[35,36],"class_list":["post-1276","portfolio","type-portfolio","status-publish","has-post-thumbnail","hentry","tag-almadraba","tag-cine","tag-emigracion","tag-esparto","tag-familias-terratenientes","tag-faro","tag-michelin","tag-mineria","tag-parque-natural","tag-pesca","tag-pueblo","tag-salinas","portfolio_entries-inicio","portfolio_entries-testimonios"],"_links":{"self":[{"href":"https:\/\/www.lamemoriadelcabo.com\/index.php\/wp-json\/wp\/v2\/portfolio\/1276","targetHints":{"allow":["GET"]}}],"collection":[{"href":"https:\/\/www.lamemoriadelcabo.com\/index.php\/wp-json\/wp\/v2\/portfolio"}],"about":[{"href":"https:\/\/www.lamemoriadelcabo.com\/index.php\/wp-json\/wp\/v2\/types\/portfolio"}],"replies":[{"embeddable":true,"href":"https:\/\/www.lamemoriadelcabo.com\/index.php\/wp-json\/wp\/v2\/comments?post=1276"}],"version-history":[{"count":2,"href":"https:\/\/www.lamemoriadelcabo.com\/index.php\/wp-json\/wp\/v2\/portfolio\/1276\/revisions"}],"predecessor-version":[{"id":1282,"href":"https:\/\/www.lamemoriadelcabo.com\/index.php\/wp-json\/wp\/v2\/portfolio\/1276\/revisions\/1282"}],"wp:featuredmedia":[{"embeddable":true,"href":"https:\/\/www.lamemoriadelcabo.com\/index.php\/wp-json\/wp\/v2\/media\/1278"}],"wp:attachment":[{"href":"https:\/\/www.lamemoriadelcabo.com\/index.php\/wp-json\/wp\/v2\/media?parent=1276"}],"wp:term":[{"taxonomy":"post_tag","embeddable":true,"href":"https:\/\/www.lamemoriadelcabo.com\/index.php\/wp-json\/wp\/v2\/tags?post=1276"},{"taxonomy":"portfolio_entries","embeddable":true,"href":"https:\/\/www.lamemoriadelcabo.com\/index.php\/wp-json\/wp\/v2\/portfolio_entries?post=1276"}],"curies":[{"name":"wp","href":"https:\/\/api.w.org\/{rel}","templated":true}]}}