{"id":1292,"date":"2022-07-14T19:12:46","date_gmt":"2022-07-14T19:12:46","guid":{"rendered":"https:\/\/www.lamemoriadelcabo.com\/?post_type=portfolio&#038;p=1292"},"modified":"2022-10-06T10:24:39","modified_gmt":"2022-10-06T10:24:39","slug":"paco-marquez-el-senor-de-las-salinas","status":"publish","type":"portfolio","link":"https:\/\/www.lamemoriadelcabo.com\/index.php\/portfolio-item\/paco-marquez-el-senor-de-las-salinas\/","title":{"rendered":"PACO M\u00c1RQUEZ, EL SE\u00d1OR DE LAS SALINAS"},"content":{"rendered":"<div id='av_section_1'  class='avia-section av-ftufik-7831c138e90238a6c358aad32f4b1103 main_color avia-section-huge avia-no-shadow  avia-builder-el-0  el_before_av_social_share  avia-builder-el-first  avia-bg-style-scroll container_wrap fullsize'  ><div class='container av-section-cont-open' ><main  role=\"main\" itemprop=\"mainContentOfPage\"  class='template-page content  av-content-full alpha units'><div class='post-entry post-entry-type-page post-entry-1292'><div class='entry-content-wrapper clearfix'>\n\n<style type=\"text\/css\" data-created_by=\"avia_inline_auto\" id=\"style-css-av-dpsazg-ec42c798eb87cd4b251d99aaf5e00cb3\">\n#top .flex_column.av-dpsazg-ec42c798eb87cd4b251d99aaf5e00cb3{\nmargin-top:0px;\nmargin-bottom:0px;\n}\n.flex_column.av-dpsazg-ec42c798eb87cd4b251d99aaf5e00cb3{\nborder-radius:0px 0px 0px 0px;\n-webkit-border-radius:0px 0px 0px 0px;\n-moz-border-radius:0px 0px 0px 0px;\n}\n.responsive #top #wrap_all .flex_column.av-dpsazg-ec42c798eb87cd4b251d99aaf5e00cb3{\nmargin-top:0px;\nmargin-bottom:0px;\n}\n<\/style>\n<div class='flex_column av-dpsazg-ec42c798eb87cd4b251d99aaf5e00cb3 av_one_full  avia-builder-el-1  el_before_av_masonry_gallery  avia-builder-el-no-sibling  first flex_column_div  av-animated-generic fade-in av-zero-column-padding '   ><style type=\"text\/css\" data-created_by=\"avia_inline_auto\" id=\"style-css-av-l6vyvvtg-8893334226cb76dca58184e763851c76\">\n#top .av-special-heading.av-l6vyvvtg-8893334226cb76dca58184e763851c76{\nmargin:40px 0 40px 0;\npadding-bottom:0px;\nfont-size:80px;\n}\nbody .av-special-heading.av-l6vyvvtg-8893334226cb76dca58184e763851c76 .av-special-heading-tag .heading-char{\nfont-size:25px;\n}\n#top #wrap_all .av-special-heading.av-l6vyvvtg-8893334226cb76dca58184e763851c76 .av-special-heading-tag{\nfont-size:80px;\n}\n.av-special-heading.av-l6vyvvtg-8893334226cb76dca58184e763851c76 .av-subheading{\nfont-size:15px;\n}\n\n@media only screen and (max-width: 479px){ \n#top #wrap_all .av-special-heading.av-l6vyvvtg-8893334226cb76dca58184e763851c76 .av-special-heading-tag{\nfont-size:60px;\n}\n}\n<\/style>\n<div  class='av-special-heading av-l6vyvvtg-8893334226cb76dca58184e763851c76 av-special-heading-h3 blockquote modern-quote  avia-builder-el-2  avia-builder-el-no-sibling  av-inherit-size'><h3 class='av-special-heading-tag'  itemprop=\"headline\"  >PACO M\u00c1RQUEZ, EL SE\u00d1OR DE LAS SALINAS<\/h3><div class=\"special-heading-border\"><div class=\"special-heading-inner-border\"><\/div><\/div><\/div><\/div>\n<style type=\"text\/css\" data-created_by=\"avia_inline_auto\" id=\"style-css-av-l6vz0cg5-7478ea7a0248fa3483ee602d869d226c\">\n#top .av-masonry.av-l6vz0cg5-7478ea7a0248fa3483ee602d869d226c{\nbackground-color:#111111;\n}\n<\/style>\n<div id='av-masonry-1' class='av-masonry av-l6vz0cg5-7478ea7a0248fa3483ee602d869d226c noHover av-fixed-size av-large-gap av-hover-overlay- av-masonry-animation-active av-masonry-col-3 av-caption-always av-caption-style- av-masonry-gallery av-orientation-square '><div class=\"av-masonry-container isotope av-js-disabled\"><div class='av-masonry-entry isotope-item av-masonry-item-no-image '><\/div><div id='av-masonry-1-item-1296' data-av-masonry-item='1296' class='av-masonry-entry isotope-item post-1296 attachment type-attachment status-inherit hentry  av-masonry-item-with-image'   itemprop=\"thumbnailUrl\" ><div class='av-inner-masonry-sizer'><\/div><figure class='av-inner-masonry main_color'><div class=\"av-masonry-outerimage-container\"><div class='av-masonry-image-container' style=\"background-image: url(https:\/\/www.lamemoriadelcabo.com\/wp-content\/uploads\/2022\/08\/Paco_Marquez052-705x705.jpg);\"  ><\/div><\/div><\/figure><\/div><!--end av-masonry entry--><div id='av-masonry-1-item-1293' data-av-masonry-item='1293' class='av-masonry-entry isotope-item post-1293 attachment type-attachment status-inherit hentry  av-masonry-item-with-image'   itemprop=\"thumbnailUrl\" ><div class='av-inner-masonry-sizer'><\/div><figure class='av-inner-masonry main_color'><div class=\"av-masonry-outerimage-container\"><div class='av-masonry-image-container' style=\"background-image: url(https:\/\/www.lamemoriadelcabo.com\/wp-content\/uploads\/2022\/08\/Paco_Marquez01-705x705.jpg);\"  ><\/div><\/div><\/figure><\/div><!--end av-masonry entry--><div id='av-masonry-1-item-1294' data-av-masonry-item='1294' class='av-masonry-entry isotope-item post-1294 attachment type-attachment status-inherit hentry  av-masonry-item-with-image'   itemprop=\"thumbnailUrl\" ><div class='av-inner-masonry-sizer'><\/div><figure class='av-inner-masonry main_color'><div class=\"av-masonry-outerimage-container\"><div class='av-masonry-image-container' style=\"background-image: url(https:\/\/www.lamemoriadelcabo.com\/wp-content\/uploads\/2022\/08\/Paco_Marquez02-705x705.jpg);\"  ><\/div><\/div><\/figure><\/div><!--end av-masonry entry--><\/div><\/div>\n\n<style type=\"text\/css\" data-created_by=\"avia_inline_auto\" id=\"style-css-av-c9o0os-279206268c55cab638f865e1e58674d9\">\n#top .hr.hr-invisible.av-c9o0os-279206268c55cab638f865e1e58674d9{\nheight:70px;\n}\n<\/style>\n<div  class='hr av-c9o0os-279206268c55cab638f865e1e58674d9 hr-invisible  avia-builder-el-4  el_after_av_masonry_gallery  el_before_av_textblock  avia-builder-el-first '><span class='hr-inner '><span class=\"hr-inner-style\"><\/span><\/span><\/div>\n<section  class='av_textblock_section av-l6vywz2n-40a9863f77ae672054eba393ce2eb78a'  itemscope=\"itemscope\" itemtype=\"https:\/\/schema.org\/CreativeWork\" ><div class='avia_textblock'  itemprop=\"text\" ><blockquote>\n<h3>Paco habla satisfecho de su labor en las salinas, de sus inventos e ideas para mejorar el manejo de los trabajadores en las salinas y la eficiencia de la explotaci\u00f3n.<\/h3>\n<\/blockquote>\n<\/div><\/section>\n\n<style type=\"text\/css\" data-created_by=\"avia_inline_auto\" id=\"style-css-av-amequk-77d128e16bb46cf289b8ae84f1818b31\">\n#top .hr.hr-invisible.av-amequk-77d128e16bb46cf289b8ae84f1818b31{\nmargin-top:-10px;\nheight:1px;\n}\n<\/style>\n<div  class='hr av-amequk-77d128e16bb46cf289b8ae84f1818b31 hr-invisible  avia-builder-el-6  el_after_av_textblock  el_before_av_one_half '><span class='hr-inner '><span class=\"hr-inner-style\"><\/span><\/span><\/div>\n\n<style type=\"text\/css\" data-created_by=\"avia_inline_auto\" id=\"style-css-av-967o8s-ca1afbc6cb8e76ddc7ca58289e923eb9\">\n.flex_column.av-967o8s-ca1afbc6cb8e76ddc7ca58289e923eb9{\nborder-radius:0px 0px 0px 0px;\n-webkit-border-radius:0px 0px 0px 0px;\n-moz-border-radius:0px 0px 0px 0px;\n}\n<\/style>\n<div class='flex_column av-967o8s-ca1afbc6cb8e76ddc7ca58289e923eb9 av_one_half  avia-builder-el-7  el_after_av_hr  el_before_av_one_half  first flex_column_div  av-animated-generic bottom-to-top av-zero-column-padding '   ><section  class='av_textblock_section av-l6vyxcp3-0010ccf591cc4e3808d1d4f5ed947dc5'  itemscope=\"itemscope\" itemtype=\"https:\/\/schema.org\/CreativeWork\" ><div class='avia_textblock'  itemprop=\"text\" ><p>No hace mucho que Paco M\u00e1rquez se ha jubilado, tras m\u00e1s de cuatro d\u00e9cadas como empleado de las salinas de Cabo de Gata, trabajo que realiza como jefe de explotaci\u00f3n en las \u00faltimas dos d\u00e9cadas.<br \/>\nCon un hablar pausado, paladeando las respuestas, Paco responde a las preguntas que formulo sobre la explotaci\u00f3n de las salinas y sobre la vida en el poblado de las Salinas.<br \/>\nUno tiene la impresi\u00f3n de que Paco no ha abandonado a\u00fan su trabajo en las salinas, cuando llega o cuando se va, pregunta por la producci\u00f3n de flor de sal, por la previsi\u00f3n de recolecci\u00f3n para este a\u00f1o o por la situaci\u00f3n de los canales de conducci\u00f3n del agua desde el mar, canales atrofiados tras las tormentas del \u00faltimo a\u00f1o.<\/p>\n<\/div><\/section><\/div>\n<style type=\"text\/css\" data-created_by=\"avia_inline_auto\" id=\"style-css-av-7mj7r0-0b45e82f07a4a8e8749bc0081018cf12\">\n.flex_column.av-7mj7r0-0b45e82f07a4a8e8749bc0081018cf12{\nborder-radius:0px 0px 0px 0px;\n-webkit-border-radius:0px 0px 0px 0px;\n-moz-border-radius:0px 0px 0px 0px;\n}\n<\/style>\n<div class='flex_column av-7mj7r0-0b45e82f07a4a8e8749bc0081018cf12 av_one_half  avia-builder-el-9  el_after_av_one_half  avia-builder-el-last  flex_column_div  av-animated-generic bottom-to-top av-zero-column-padding '   ><section  class='av_textblock_section av-l6vyxuuz-b01468bf6f0a2f845c988ea6267eec98'  itemscope=\"itemscope\" itemtype=\"https:\/\/schema.org\/CreativeWork\" ><div class='avia_textblock'  itemprop=\"text\" ><p>Paco habla satisfecho de su labor en las salinas, de sus inventos e ideas para mejorar el manejo de los trabajadores en la salinas y la eficiencia de la explotaci\u00f3n.<br \/>\nA Paco se le ilumina el rostro cuando se refiere a las relaciones con las familias vecinas en el poblado de la salinas.<br \/>\nPaco indica que las celebraciones eran especiales, que todo el mundo se suma, emocion\u00e1ndose cuando indica que era mayor el apoyo cuando alguien fallec\u00eda.<\/p>\n<\/div><\/section><\/div><\/div><\/div><\/main><!-- close content main element --><\/div><\/div><div id='after_section_1'  class='main_color av_default_container_wrap container_wrap fullsize'  ><div class='container av-section-cont-open' ><div class='template-page content  av-content-full alpha units'><div class='post-entry post-entry-type-page post-entry-1292'><div class='entry-content-wrapper clearfix'><div  class='av-social-sharing-box av-6faad8-58ad3fa664f506328986b547c5cad6b6 av-social-sharing-box-default  avia-builder-el-11  el_after_av_section  el_before_av_one_full  avia-builder-el-first  av-social-sharing-box-fullwidth'><div class=\"av-share-box\"><h5 class='av-share-link-description av-no-toc '>Compartir esta entrada<\/h5><ul class=\"av-share-box-list noLightbox\"><li class='av-share-link av-social-link-facebook' ><a target=\"_blank\" aria-label=\"Compartir en Facebook\" href='https:\/\/www.facebook.com\/sharer.php?u=https:\/\/www.lamemoriadelcabo.com\/index.php\/portfolio-item\/paco-marquez-el-senor-de-las-salinas\/&#038;t=PACO%20M%C3%81RQUEZ%2C%20EL%20SE%C3%91OR%20DE%20LAS%20SALINAS' aria-hidden='false' data-av_icon='\ue8f3' data-av_iconfont='entypo-fontello' title='' data-avia-related-tooltip='Compartir en Facebook' rel=\"noopener\"><span class='avia_hidden_link_text'>Compartir en Facebook<\/span><\/a><\/li><li class='av-share-link av-social-link-twitter' ><a target=\"_blank\" aria-label=\"Compartir en Twitter\" href='https:\/\/twitter.com\/share?text=PACO%20M%C3%81RQUEZ%2C%20EL%20SE%C3%91OR%20DE%20LAS%20SALINAS&#038;url=https:\/\/www.lamemoriadelcabo.com\/?p=1292' aria-hidden='false' data-av_icon='\ue8f1' data-av_iconfont='entypo-fontello' title='' data-avia-related-tooltip='Compartir en Twitter' rel=\"noopener\"><span class='avia_hidden_link_text'>Compartir en Twitter<\/span><\/a><\/li><li class='av-share-link av-social-link-whatsapp' ><a target=\"_blank\" aria-label=\"Share on WhatsApp\" href='https:\/\/api.whatsapp.com\/send?text=https:\/\/www.lamemoriadelcabo.com\/index.php\/portfolio-item\/paco-marquez-el-senor-de-las-salinas\/' aria-hidden='false' data-av_icon='\uf232' data-av_iconfont='entypo-fontello' title='' data-avia-related-tooltip='Share on WhatsApp' rel=\"noopener\"><span class='avia_hidden_link_text'>Share on WhatsApp<\/span><\/a><\/li><li class='av-share-link av-social-link-mail' ><a  aria-label=\"Compartir por correo\" href='mailto:?subject=PACO%20M%C3%81RQUEZ%2C%20EL%20SE%C3%91OR%20DE%20LAS%20SALINAS&#038;body=https:\/\/www.lamemoriadelcabo.com\/index.php\/portfolio-item\/paco-marquez-el-senor-de-las-salinas\/' aria-hidden='false' data-av_icon='\ue805' data-av_iconfont='entypo-fontello' title='' data-avia-related-tooltip='Compartir por correo'><span class='avia_hidden_link_text'>Compartir por correo<\/span><\/a><\/li><\/ul><\/div><\/div><\/p>\n\n<style type=\"text\/css\" data-created_by=\"avia_inline_auto\" id=\"style-css-av-3n3198-8204af4340e0e45c83c994859c11c64e\">\n.flex_column.av-3n3198-8204af4340e0e45c83c994859c11c64e{\nborder-radius:0px 0px 0px 0px;\n-webkit-border-radius:0px 0px 0px 0px;\n-moz-border-radius:0px 0px 0px 0px;\n}\n<\/style>\n<div class='flex_column av-3n3198-8204af4340e0e45c83c994859c11c64e av_one_full  avia-builder-el-12  el_after_av_social_share  avia-builder-el-last  first flex_column_div  av-animated-generic bottom-to-top av-zero-column-padding '   ><section  class='av_textblock_section av-2y6h0s-507296fa651a1016dce14c19d39a15d3'  itemscope=\"itemscope\" itemtype=\"https:\/\/schema.org\/CreativeWork\" ><div class='avia_textblock'  itemprop=\"text\" ><p style=\"text-align: center;\">Manuel C. Rodr\u00edguez Rodr\u00edguez. Direcci\u00f3n-Documentaci\u00f3n-Guion de la serie documental \u00abLa Memoria del Cabo\u00bb<\/p>\n<\/div><\/section><\/div>\n","protected":false},"excerpt":{"rendered":"","protected":false},"featured_media":1295,"comment_status":"open","ping_status":"closed","template":"","tags":[25,28,27,23,22,29,31,24,32,30,33,26],"portfolio_entries":[35,36],"class_list":["post-1292","portfolio","type-portfolio","status-publish","has-post-thumbnail","hentry","tag-almadraba","tag-cine","tag-emigracion","tag-esparto","tag-familias-terratenientes","tag-faro","tag-michelin","tag-mineria","tag-parque-natural","tag-pesca","tag-pueblo","tag-salinas","portfolio_entries-inicio","portfolio_entries-testimonios"],"_links":{"self":[{"href":"https:\/\/www.lamemoriadelcabo.com\/index.php\/wp-json\/wp\/v2\/portfolio\/1292","targetHints":{"allow":["GET"]}}],"collection":[{"href":"https:\/\/www.lamemoriadelcabo.com\/index.php\/wp-json\/wp\/v2\/portfolio"}],"about":[{"href":"https:\/\/www.lamemoriadelcabo.com\/index.php\/wp-json\/wp\/v2\/types\/portfolio"}],"replies":[{"embeddable":true,"href":"https:\/\/www.lamemoriadelcabo.com\/index.php\/wp-json\/wp\/v2\/comments?post=1292"}],"version-history":[{"count":3,"href":"https:\/\/www.lamemoriadelcabo.com\/index.php\/wp-json\/wp\/v2\/portfolio\/1292\/revisions"}],"predecessor-version":[{"id":1298,"href":"https:\/\/www.lamemoriadelcabo.com\/index.php\/wp-json\/wp\/v2\/portfolio\/1292\/revisions\/1298"}],"wp:featuredmedia":[{"embeddable":true,"href":"https:\/\/www.lamemoriadelcabo.com\/index.php\/wp-json\/wp\/v2\/media\/1295"}],"wp:attachment":[{"href":"https:\/\/www.lamemoriadelcabo.com\/index.php\/wp-json\/wp\/v2\/media?parent=1292"}],"wp:term":[{"taxonomy":"post_tag","embeddable":true,"href":"https:\/\/www.lamemoriadelcabo.com\/index.php\/wp-json\/wp\/v2\/tags?post=1292"},{"taxonomy":"portfolio_entries","embeddable":true,"href":"https:\/\/www.lamemoriadelcabo.com\/index.php\/wp-json\/wp\/v2\/portfolio_entries?post=1292"}],"curies":[{"name":"wp","href":"https:\/\/api.w.org\/{rel}","templated":true}]}}