{"id":1326,"date":"2022-07-14T10:04:36","date_gmt":"2022-07-14T10:04:36","guid":{"rendered":"https:\/\/www.lamemoriadelcabo.com\/?post_type=portfolio&#038;p=1326"},"modified":"2022-08-17T11:22:28","modified_gmt":"2022-08-17T11:22:28","slug":"macarena-molina-hernandez-cientifica-del-mar","status":"publish","type":"portfolio","link":"https:\/\/www.lamemoriadelcabo.com\/index.php\/portfolio-item\/macarena-molina-hernandez-cientifica-del-mar\/","title":{"rendered":"MACARENA MOLINA HERN\u00c1NDEZ, CIENT\u00cdFICA DEL MAR"},"content":{"rendered":"<div id='av_section_1'  class='avia-section av-g014im-fa943574ec02a626a23463c9d3dcb113 main_color avia-section-huge avia-no-shadow  avia-builder-el-0  el_before_av_social_share  avia-builder-el-first  avia-bg-style-scroll container_wrap fullsize'  ><div class='container av-section-cont-open' ><main  role=\"main\" itemprop=\"mainContentOfPage\"  class='template-page content  av-content-full alpha units'><div class='post-entry post-entry-type-page post-entry-1326'><div class='entry-content-wrapper clearfix'>\n\n<style type=\"text\/css\" data-created_by=\"avia_inline_auto\" id=\"style-css-av-dhilf2-e122bdb224142c74c9d3c037facc38d5\">\n#top .flex_column.av-dhilf2-e122bdb224142c74c9d3c037facc38d5{\nmargin-top:0px;\nmargin-bottom:0px;\n}\n.flex_column.av-dhilf2-e122bdb224142c74c9d3c037facc38d5{\nborder-radius:0px 0px 0px 0px;\n-webkit-border-radius:0px 0px 0px 0px;\n-moz-border-radius:0px 0px 0px 0px;\n}\n.responsive #top #wrap_all .flex_column.av-dhilf2-e122bdb224142c74c9d3c037facc38d5{\nmargin-top:0px;\nmargin-bottom:0px;\n}\n<\/style>\n<div class='flex_column av-dhilf2-e122bdb224142c74c9d3c037facc38d5 av_one_full  avia-builder-el-1  el_before_av_masonry_gallery  avia-builder-el-no-sibling  first flex_column_div  av-animated-generic fade-in av-zero-column-padding '   ><style type=\"text\/css\" data-created_by=\"avia_inline_auto\" id=\"style-css-av-l6w0qj15-e85cfb442601dced9bba8aa4f7fa058e\">\n#top .av-special-heading.av-l6w0qj15-e85cfb442601dced9bba8aa4f7fa058e{\nmargin:40px 0 40px 0;\npadding-bottom:0px;\nfont-size:80px;\n}\nbody .av-special-heading.av-l6w0qj15-e85cfb442601dced9bba8aa4f7fa058e .av-special-heading-tag .heading-char{\nfont-size:25px;\n}\n#top #wrap_all .av-special-heading.av-l6w0qj15-e85cfb442601dced9bba8aa4f7fa058e .av-special-heading-tag{\nfont-size:80px;\n}\n.av-special-heading.av-l6w0qj15-e85cfb442601dced9bba8aa4f7fa058e .av-subheading{\nfont-size:15px;\n}\n\n@media only screen and (max-width: 479px){ \n#top #wrap_all .av-special-heading.av-l6w0qj15-e85cfb442601dced9bba8aa4f7fa058e .av-special-heading-tag{\nfont-size:60px;\n}\n}\n<\/style>\n<div  class='av-special-heading av-l6w0qj15-e85cfb442601dced9bba8aa4f7fa058e av-special-heading-h3 blockquote modern-quote  avia-builder-el-2  avia-builder-el-no-sibling  av-inherit-size'><h3 class='av-special-heading-tag'  itemprop=\"headline\"  >MACARENA MOLINA HERN\u00c1NDEZ, CIENT\u00cdFICA DEL MAR<\/h3><div class=\"special-heading-border\"><div class=\"special-heading-inner-border\"><\/div><\/div><\/div><\/div>\n<style type=\"text\/css\" data-created_by=\"avia_inline_auto\" id=\"style-css-av-l6w0v9d6-8b8a64c6b29e2381d34873c1618261c5\">\n#top .av-masonry.av-l6w0v9d6-8b8a64c6b29e2381d34873c1618261c5{\nbackground-color:#111111;\n}\n<\/style>\n<div id='av-masonry-1' class='av-masonry av-l6w0v9d6-8b8a64c6b29e2381d34873c1618261c5 noHover av-fixed-size av-large-gap av-hover-overlay- av-masonry-animation-active av-masonry-col-3 av-caption-always av-caption-style- av-masonry-gallery av-orientation-square '><div class=\"av-masonry-container isotope av-js-disabled\"><div class='av-masonry-entry isotope-item av-masonry-item-no-image '><\/div><div id='av-masonry-1-item-1331' data-av-masonry-item='1331' class='av-masonry-entry isotope-item post-1331 attachment type-attachment status-inherit hentry  av-masonry-item-with-image'   itemprop=\"thumbnailUrl\" ><div class='av-inner-masonry-sizer'><\/div><figure class='av-inner-masonry main_color'><div class=\"av-masonry-outerimage-container\"><div class='av-masonry-image-container' style=\"background-image: url(https:\/\/www.lamemoriadelcabo.com\/wp-content\/uploads\/2022\/08\/Macarena_01-705x705.jpg);\"  ><\/div><\/div><\/figure><\/div><!--end av-masonry entry--><div id='av-masonry-1-item-1329' data-av-masonry-item='1329' class='av-masonry-entry isotope-item post-1329 attachment type-attachment status-inherit hentry  av-masonry-item-with-image'   itemprop=\"thumbnailUrl\" ><div class='av-inner-masonry-sizer'><\/div><figure class='av-inner-masonry main_color'><div class=\"av-masonry-outerimage-container\"><div class='av-masonry-image-container' style=\"background-image: url(https:\/\/www.lamemoriadelcabo.com\/wp-content\/uploads\/2022\/08\/Macarena_09-705x705.jpg);\"  ><\/div><\/div><\/figure><\/div><!--end av-masonry entry--><div id='av-masonry-1-item-1330' data-av-masonry-item='1330' class='av-masonry-entry isotope-item post-1330 attachment type-attachment status-inherit hentry  av-masonry-item-with-image'   itemprop=\"thumbnailUrl\" ><div class='av-inner-masonry-sizer'><\/div><figure class='av-inner-masonry main_color'><div class=\"av-masonry-outerimage-container\"><div class='av-masonry-image-container' style=\"background-image: url(https:\/\/www.lamemoriadelcabo.com\/wp-content\/uploads\/2022\/08\/Macarena_10-705x705.jpg);\"  ><\/div><\/div><\/figure><\/div><!--end av-masonry entry--><\/div><\/div>\n\n<style type=\"text\/css\" data-created_by=\"avia_inline_auto\" id=\"style-css-av-c1mo1q-44cf7c3f60fd439afac93e90caaf17cd\">\n#top .hr.hr-invisible.av-c1mo1q-44cf7c3f60fd439afac93e90caaf17cd{\nheight:70px;\n}\n<\/style>\n<div  class='hr av-c1mo1q-44cf7c3f60fd439afac93e90caaf17cd hr-invisible  avia-builder-el-4  el_after_av_masonry_gallery  el_before_av_textblock  avia-builder-el-first '><span class='hr-inner '><span class=\"hr-inner-style\"><\/span><\/span><\/div>\n<section  class='av_textblock_section av-l6w0ro3w-62a6499d161063966a79b936ed4dffdb'  itemscope=\"itemscope\" itemtype=\"https:\/\/schema.org\/CreativeWork\" ><div class='avia_textblock'  itemprop=\"text\" ><blockquote>\n<h3>Macarena es cient\u00edfica del mar, aunque tambi\u00e9n hay en lo que hace y en lo que propone ramalazos que forman parte del \u00e1mbito de las ciencias sociales.<\/h3>\n<\/blockquote>\n<\/div><\/section>\n\n<style type=\"text\/css\" data-created_by=\"avia_inline_auto\" id=\"style-css-av-aj47we-ef7c8560122c8ba20c2a5b6385f15abd\">\n#top .hr.hr-invisible.av-aj47we-ef7c8560122c8ba20c2a5b6385f15abd{\nmargin-top:-10px;\nheight:1px;\n}\n<\/style>\n<div  class='hr av-aj47we-ef7c8560122c8ba20c2a5b6385f15abd hr-invisible  avia-builder-el-6  el_after_av_textblock  el_before_av_one_half '><span class='hr-inner '><span class=\"hr-inner-style\"><\/span><\/span><\/div>\n\n<style type=\"text\/css\" data-created_by=\"avia_inline_auto\" id=\"style-css-av-9h39hq-2f57a51852a303b38e4d644e0d1bb00e\">\n.flex_column.av-9h39hq-2f57a51852a303b38e4d644e0d1bb00e{\nborder-radius:0px 0px 0px 0px;\n-webkit-border-radius:0px 0px 0px 0px;\n-moz-border-radius:0px 0px 0px 0px;\n}\n<\/style>\n<div class='flex_column av-9h39hq-2f57a51852a303b38e4d644e0d1bb00e av_one_half  avia-builder-el-7  el_after_av_hr  el_before_av_one_half  first flex_column_div  av-animated-generic bottom-to-top av-zero-column-padding '   ><section  class='av_textblock_section av-l6w0s413-1a93e68b04229f186af77f65404d8cb4'  itemscope=\"itemscope\" itemtype=\"https:\/\/schema.org\/CreativeWork\" ><div class='avia_textblock'  itemprop=\"text\" ><p>Macarena es parte fundamental de este proyecto documental, por su insistencia y por la confianza depositada en un servidor, tambi\u00e9n por su empe\u00f1o en registrar el testimonio de las gentes del Cabo de Gata y en ver en este testimonio un valor patrimonial.<br \/>\nMacarena es cient\u00edfica del mar, educadora medioambiental y empresaria, aunque tambi\u00e9n hay en lo que hace y en lo que propone ramalazos que forman parte del \u00e1mbito de las ciencias sociales.<br \/>\nMacarena no imposta, es rotunda y va de frente, algo que valoro notablemente.<br \/>\nComo ella indica, la relaci\u00f3n con los pescadores de Cabo de Gata llen\u00f3 de salitre sus venas, siendo entonces consciente de la importancia de los pescadores de Cabo de Gata en la conservaci\u00f3n del espacio.<\/p>\n<\/div><\/section><\/div>\n<style type=\"text\/css\" data-created_by=\"avia_inline_auto\" id=\"style-css-av-7pvgha-ce8623a2625764cd0ce9b0a32bd57ca1\">\n.flex_column.av-7pvgha-ce8623a2625764cd0ce9b0a32bd57ca1{\nborder-radius:0px 0px 0px 0px;\n-webkit-border-radius:0px 0px 0px 0px;\n-moz-border-radius:0px 0px 0px 0px;\n}\n<\/style>\n<div class='flex_column av-7pvgha-ce8623a2625764cd0ce9b0a32bd57ca1 av_one_half  avia-builder-el-9  el_after_av_one_half  avia-builder-el-last  flex_column_div  av-animated-generic bottom-to-top av-zero-column-padding '   ><section  class='av_textblock_section av-l6w0sk3o-d019f85082d7c1cbfbe30a7cc3c54aad'  itemscope=\"itemscope\" itemtype=\"https:\/\/schema.org\/CreativeWork\" ><div class='avia_textblock'  itemprop=\"text\" ><p>Macarena forma parte como protagonista de este documental por su trabajo de educaci\u00f3n ambiental en el Aula del Mar del Corralete, aula que fue y de la que solo queda un edificio sin uso, tambi\u00e9n por esa relaci\u00f3n que desde hace a\u00f1os mantiene con la asociaci\u00f3n PESCARTES.<br \/>\nEn un sector masculinizado, con unos c\u00f3digos muy definidos, Macarena se ha ganado el respeto de propios y extra\u00f1os con perseverancia, con mano izquierda y, sobre todo, con conocimiento.<br \/>\nEsta amante de la trompeta dice tener dificultad para encontrar el equilibrio entre lo que dicta la raz\u00f3n y lo que se\u00f1ala el sentimiento. Puede ser este el origen de la vehemencia de sus planteamientos y de esa necesidad constante de buscar la justicia social.<br \/>\nA Macarena siempre le doy las gracias por su confianza, por admitir a este hombre con cierto aire burgu\u00e9s como alguien al que dar y pedir opini\u00f3n.<\/p>\n<\/div><\/section><\/div><\/div><\/div><\/main><!-- close content main element --><\/div><\/div><div id='after_section_1'  class='main_color av_default_container_wrap container_wrap fullsize'  ><div class='container av-section-cont-open' ><div class='template-page content  av-content-full alpha units'><div class='post-entry post-entry-type-page post-entry-1326'><div class='entry-content-wrapper clearfix'><div  class='av-social-sharing-box av-68d0mm-a441c629a99841b885cf0439e1b03ed3 av-social-sharing-box-default  avia-builder-el-11  el_after_av_section  el_before_av_one_full  avia-builder-el-first  av-social-sharing-box-fullwidth'><div class=\"av-share-box\"><h5 class='av-share-link-description av-no-toc '>Compartir esta entrada<\/h5><ul class=\"av-share-box-list noLightbox\"><li class='av-share-link av-social-link-facebook' ><a target=\"_blank\" aria-label=\"Compartir en Facebook\" href='https:\/\/www.facebook.com\/sharer.php?u=https:\/\/www.lamemoriadelcabo.com\/index.php\/portfolio-item\/macarena-molina-hernandez-cientifica-del-mar\/&#038;t=MACARENA%20MOLINA%20HERN%C3%81NDEZ%2C%20CIENT%C3%8DFICA%20DEL%20MAR' aria-hidden='false' data-av_icon='\ue8f3' data-av_iconfont='entypo-fontello' title='' data-avia-related-tooltip='Compartir en Facebook' rel=\"noopener\"><span class='avia_hidden_link_text'>Compartir en Facebook<\/span><\/a><\/li><li class='av-share-link av-social-link-twitter' ><a target=\"_blank\" aria-label=\"Compartir en Twitter\" href='https:\/\/twitter.com\/share?text=MACARENA%20MOLINA%20HERN%C3%81NDEZ%2C%20CIENT%C3%8DFICA%20DEL%20MAR&#038;url=https:\/\/www.lamemoriadelcabo.com\/?p=1326' aria-hidden='false' data-av_icon='\ue8f1' data-av_iconfont='entypo-fontello' title='' data-avia-related-tooltip='Compartir en Twitter' rel=\"noopener\"><span class='avia_hidden_link_text'>Compartir en Twitter<\/span><\/a><\/li><li class='av-share-link av-social-link-whatsapp' ><a target=\"_blank\" aria-label=\"Share on WhatsApp\" href='https:\/\/api.whatsapp.com\/send?text=https:\/\/www.lamemoriadelcabo.com\/index.php\/portfolio-item\/macarena-molina-hernandez-cientifica-del-mar\/' aria-hidden='false' data-av_icon='\uf232' data-av_iconfont='entypo-fontello' title='' data-avia-related-tooltip='Share on WhatsApp' rel=\"noopener\"><span class='avia_hidden_link_text'>Share on WhatsApp<\/span><\/a><\/li><li class='av-share-link av-social-link-mail' ><a  aria-label=\"Compartir por correo\" href='mailto:?subject=MACARENA%20MOLINA%20HERN%C3%81NDEZ%2C%20CIENT%C3%8DFICA%20DEL%20MAR&#038;body=https:\/\/www.lamemoriadelcabo.com\/index.php\/portfolio-item\/macarena-molina-hernandez-cientifica-del-mar\/' aria-hidden='false' data-av_icon='\ue805' data-av_iconfont='entypo-fontello' title='' data-avia-related-tooltip='Compartir por correo'><span class='avia_hidden_link_text'>Compartir por correo<\/span><\/a><\/li><\/ul><\/div><\/div><\/p>\n\n<style type=\"text\/css\" data-created_by=\"avia_inline_auto\" id=\"style-css-av-47g266-f1799cbee2be44f9f246e921ea620150\">\n.flex_column.av-47g266-f1799cbee2be44f9f246e921ea620150{\nborder-radius:0px 0px 0px 0px;\n-webkit-border-radius:0px 0px 0px 0px;\n-moz-border-radius:0px 0px 0px 0px;\n}\n<\/style>\n<div class='flex_column av-47g266-f1799cbee2be44f9f246e921ea620150 av_one_full  avia-builder-el-12  el_after_av_social_share  avia-builder-el-last  first flex_column_div  av-animated-generic bottom-to-top av-zero-column-padding '   ><section  class='av_textblock_section av-2iaewu-f12b9a620d0135596e748d9d4094ef1a'  itemscope=\"itemscope\" itemtype=\"https:\/\/schema.org\/CreativeWork\" ><div class='avia_textblock'  itemprop=\"text\" ><p style=\"text-align: center;\">Manuel C. Rodr\u00edguez Rodr\u00edguez. Direcci\u00f3n-Documentaci\u00f3n-Guion de la serie documental \u00abLa Memoria del Cabo\u00bb<\/p>\n<\/div><\/section><\/div>\n","protected":false},"excerpt":{"rendered":"","protected":false},"featured_media":1346,"comment_status":"open","ping_status":"closed","template":"","tags":[25,28,27,23,22,29,31,24,32,30,33,26],"portfolio_entries":[35,36],"class_list":["post-1326","portfolio","type-portfolio","status-publish","has-post-thumbnail","hentry","tag-almadraba","tag-cine","tag-emigracion","tag-esparto","tag-familias-terratenientes","tag-faro","tag-michelin","tag-mineria","tag-parque-natural","tag-pesca","tag-pueblo","tag-salinas","portfolio_entries-inicio","portfolio_entries-testimonios"],"_links":{"self":[{"href":"https:\/\/www.lamemoriadelcabo.com\/index.php\/wp-json\/wp\/v2\/portfolio\/1326","targetHints":{"allow":["GET"]}}],"collection":[{"href":"https:\/\/www.lamemoriadelcabo.com\/index.php\/wp-json\/wp\/v2\/portfolio"}],"about":[{"href":"https:\/\/www.lamemoriadelcabo.com\/index.php\/wp-json\/wp\/v2\/types\/portfolio"}],"replies":[{"embeddable":true,"href":"https:\/\/www.lamemoriadelcabo.com\/index.php\/wp-json\/wp\/v2\/comments?post=1326"}],"version-history":[{"count":4,"href":"https:\/\/www.lamemoriadelcabo.com\/index.php\/wp-json\/wp\/v2\/portfolio\/1326\/revisions"}],"predecessor-version":[{"id":1397,"href":"https:\/\/www.lamemoriadelcabo.com\/index.php\/wp-json\/wp\/v2\/portfolio\/1326\/revisions\/1397"}],"wp:featuredmedia":[{"embeddable":true,"href":"https:\/\/www.lamemoriadelcabo.com\/index.php\/wp-json\/wp\/v2\/media\/1346"}],"wp:attachment":[{"href":"https:\/\/www.lamemoriadelcabo.com\/index.php\/wp-json\/wp\/v2\/media?parent=1326"}],"wp:term":[{"taxonomy":"post_tag","embeddable":true,"href":"https:\/\/www.lamemoriadelcabo.com\/index.php\/wp-json\/wp\/v2\/tags?post=1326"},{"taxonomy":"portfolio_entries","embeddable":true,"href":"https:\/\/www.lamemoriadelcabo.com\/index.php\/wp-json\/wp\/v2\/portfolio_entries?post=1326"}],"curies":[{"name":"wp","href":"https:\/\/api.w.org\/{rel}","templated":true}]}}