{"id":594,"date":"2022-07-15T10:37:08","date_gmt":"2022-07-15T10:37:08","guid":{"rendered":"https:\/\/kriesi.at\/themes\/enfold-elegant-portfolio\/portfolio-item\/a-dummy-portfolio-entry-12\/"},"modified":"2022-08-16T10:34:09","modified_gmt":"2022-08-16T10:34:09","slug":"a-dummy-portfolio-entry-12","status":"publish","type":"portfolio","link":"https:\/\/www.lamemoriadelcabo.com\/index.php\/portfolio-item\/a-dummy-portfolio-entry-12\/","title":{"rendered":"CABO DE GATA, LOS GANDOLFO Y LA VIDA EN LOS FAROS"},"content":{"rendered":"<div id='av_section_1'  class='avia-section av-1k6rwi-a4b372607f70d6e3a9f58e83ff015931 main_color avia-section-huge avia-no-shadow  avia-builder-el-0  el_before_av_social_share  avia-builder-el-first  avia-bg-style-scroll container_wrap fullsize'  ><div class='container av-section-cont-open' ><main  role=\"main\" itemprop=\"mainContentOfPage\"  class='template-page content  av-content-full alpha units'><div class='post-entry post-entry-type-page post-entry-594'><div class='entry-content-wrapper clearfix'>\n\n<style type=\"text\/css\" data-created_by=\"avia_inline_auto\" id=\"style-css-av-1cl74y-3ea27d6a8ccee803d64a428d834c330c\">\n#top .flex_column.av-1cl74y-3ea27d6a8ccee803d64a428d834c330c{\nmargin-top:0px;\nmargin-bottom:0px;\n}\n.flex_column.av-1cl74y-3ea27d6a8ccee803d64a428d834c330c{\nborder-radius:0px 0px 0px 0px;\n-webkit-border-radius:0px 0px 0px 0px;\n-moz-border-radius:0px 0px 0px 0px;\n}\n.responsive #top #wrap_all .flex_column.av-1cl74y-3ea27d6a8ccee803d64a428d834c330c{\nmargin-top:0px;\nmargin-bottom:0px;\n}\n<\/style>\n<div class='flex_column av-1cl74y-3ea27d6a8ccee803d64a428d834c330c av_one_full  avia-builder-el-1  el_before_av_masonry_gallery  avia-builder-el-no-sibling  first flex_column_div  av-animated-generic fade-in av-zero-column-padding '   ><style type=\"text\/css\" data-created_by=\"avia_inline_auto\" id=\"style-css-av-l6m3v6v4-9d2467535d65b5e1c27b6e088b29a3b2\">\n#top .av-special-heading.av-l6m3v6v4-9d2467535d65b5e1c27b6e088b29a3b2{\nmargin:40px 0 40px 0;\npadding-bottom:0px;\nfont-size:80px;\n}\nbody .av-special-heading.av-l6m3v6v4-9d2467535d65b5e1c27b6e088b29a3b2 .av-special-heading-tag .heading-char{\nfont-size:25px;\n}\n#top #wrap_all .av-special-heading.av-l6m3v6v4-9d2467535d65b5e1c27b6e088b29a3b2 .av-special-heading-tag{\nfont-size:80px;\n}\n.av-special-heading.av-l6m3v6v4-9d2467535d65b5e1c27b6e088b29a3b2 .av-subheading{\nfont-size:15px;\n}\n\n@media only screen and (max-width: 479px){ \n#top #wrap_all .av-special-heading.av-l6m3v6v4-9d2467535d65b5e1c27b6e088b29a3b2 .av-special-heading-tag{\nfont-size:60px;\n}\n}\n<\/style>\n<div  class='av-special-heading av-l6m3v6v4-9d2467535d65b5e1c27b6e088b29a3b2 av-special-heading-h3 blockquote modern-quote  avia-builder-el-2  avia-builder-el-no-sibling  av-inherit-size'><h3 class='av-special-heading-tag'  itemprop=\"headline\"  >CABO DE GATA, LOS GANDOLFO Y LA VIDA EN LOS FAROS<\/h3><div class=\"special-heading-border\"><div class=\"special-heading-inner-border\"><\/div><\/div><\/div><\/div>\n<style type=\"text\/css\" data-created_by=\"avia_inline_auto\" id=\"style-css-av-l6m3v9wa-f87b4972a9fae03b21dae58b596c1db8\">\n#top .av-masonry.av-l6m3v9wa-f87b4972a9fae03b21dae58b596c1db8{\nbackground-color:#111111;\n}\n<\/style>\n<div id='av-masonry-1' class='av-masonry av-l6m3v9wa-f87b4972a9fae03b21dae58b596c1db8 noHover av-fixed-size av-large-gap av-hover-overlay- av-masonry-animation-active av-masonry-col-3 av-caption-always av-caption-style- av-masonry-gallery av-orientation-square '><div class=\"av-masonry-container isotope av-js-disabled\"><div class='av-masonry-entry isotope-item av-masonry-item-no-image '><\/div><div id='av-masonry-1-item-1142' data-av-masonry-item='1142' class='av-masonry-entry isotope-item post-1142 attachment type-attachment status-inherit hentry  av-masonry-item-with-image'   itemprop=\"thumbnailUrl\" ><div class='av-inner-masonry-sizer'><\/div><figure class='av-inner-masonry main_color'><div class=\"av-masonry-outerimage-container\"><div class='av-masonry-image-container' style=\"background-image: url(https:\/\/www.lamemoriadelcabo.com\/wp-content\/uploads\/2018\/04\/faro_Hernandez-Pacheco-de-1930-705x517.png);\"  ><\/div><\/div><\/figure><\/div><!--end av-masonry entry--><div id='av-masonry-1-item-1199' data-av-masonry-item='1199' class='av-masonry-entry isotope-item post-1199 attachment type-attachment status-inherit hentry  av-masonry-item-with-image'   itemprop=\"thumbnailUrl\" ><div class='av-inner-masonry-sizer'><\/div><figure class='av-inner-masonry main_color'><div class=\"av-masonry-outerimage-container\"><div class='av-masonry-image-container' style=\"background-image: url(https:\/\/www.lamemoriadelcabo.com\/wp-content\/uploads\/2022\/07\/Cabo_Gata_1965_RSEMANA-705x705.jpg);\"  ><\/div><\/div><\/figure><\/div><!--end av-masonry entry--><div id='av-masonry-1-item-1200' data-av-masonry-item='1200' class='av-masonry-entry isotope-item post-1200 attachment type-attachment status-inherit hentry  av-masonry-item-with-image'   itemprop=\"thumbnailUrl\" ><div class='av-inner-masonry-sizer'><\/div><figure class='av-inner-masonry main_color'><div class=\"av-masonry-outerimage-container\"><div class='av-masonry-image-container' style=\"background-image: url(https:\/\/www.lamemoriadelcabo.com\/wp-content\/uploads\/2022\/07\/Cabo_Gata_2017_MCRR-1-705x705.jpg);\"  ><\/div><\/div><\/figure><\/div><!--end av-masonry entry--><\/div><\/div>\n\n<style type=\"text\/css\" data-created_by=\"avia_inline_auto\" id=\"style-css-av-19me8a-2a3b6320aaa862d0334e9ef9a7233194\">\n#top .hr.hr-invisible.av-19me8a-2a3b6320aaa862d0334e9ef9a7233194{\nheight:70px;\n}\n<\/style>\n<div  class='hr av-19me8a-2a3b6320aaa862d0334e9ef9a7233194 hr-invisible  avia-builder-el-4  el_after_av_masonry_gallery  el_before_av_textblock  avia-builder-el-first '><span class='hr-inner '><span class=\"hr-inner-style\"><\/span><\/span><\/div>\n<section  class='av_textblock_section av-l6m3wmli-74e63d89773eaade1a636fab9289ddeb'  itemscope=\"itemscope\" itemtype=\"https:\/\/schema.org\/CreativeWork\" ><div class='avia_textblock'  itemprop=\"text\" ><blockquote>\n<h3>Antonio emplea de forma constante una palabra cuando se refiere a la vida en el faro: libertad.<\/h3>\n<\/blockquote>\n<\/div><\/section>\n\n<style type=\"text\/css\" data-created_by=\"avia_inline_auto\" id=\"style-css-av-3q90q-3633f04dfaa1f18e5197730bdfefb049\">\n#top .hr.hr-invisible.av-3q90q-3633f04dfaa1f18e5197730bdfefb049{\nmargin-top:-10px;\nheight:1px;\n}\n<\/style>\n<div  class='hr av-3q90q-3633f04dfaa1f18e5197730bdfefb049 hr-invisible  avia-builder-el-6  el_after_av_textblock  el_before_av_one_half '><span class='hr-inner '><span class=\"hr-inner-style\"><\/span><\/span><\/div>\n\n<style type=\"text\/css\" data-created_by=\"avia_inline_auto\" id=\"style-css-av-ugaia-fcd8a83bfacd5aa40ac8863650e98b34\">\n.flex_column.av-ugaia-fcd8a83bfacd5aa40ac8863650e98b34{\nborder-radius:0px 0px 0px 0px;\n-webkit-border-radius:0px 0px 0px 0px;\n-moz-border-radius:0px 0px 0px 0px;\n}\n<\/style>\n<div class='flex_column av-ugaia-fcd8a83bfacd5aa40ac8863650e98b34 av_one_half  avia-builder-el-7  el_after_av_hr  el_before_av_one_half  first flex_column_div  av-animated-generic bottom-to-top av-zero-column-padding '   ><section  class='av_textblock_section av-l6m3wwq2-b682186ccfd318afac2ce7a49a80161e'  itemscope=\"itemscope\" itemtype=\"https:\/\/schema.org\/CreativeWork\" ><div class='avia_textblock'  itemprop=\"text\" ><p>Joaqu\u00edn S\u00e1nchez, en La Fabriquilla; y Josefa Ropero, en el poblado de Las Salinas de Cabo de Gata, esbozan una sonrisa cuando les pregunto por los Gandolfo.<br \/>\nAntonio emplea de forma constante una palabra cuando se refiere a la vida en el faro: libertad.<br \/>\nEsa libertad que vemos en los ni\u00f1os que corretean por el patio del faro en esa cinta de Super-8 que Javier me ofrece como joya documental, la libertad que ofrec\u00eda el tiempo que se presta a la contemplaci\u00f3n en un lugar que ofrec\u00eda se\u00f1al y puntual amparo, la libertad de considerarse parte de un medio natural que, fuera de postales, resultaba exuberante.<br \/>\nLa libertad que ofrec\u00edan unos familiares que estaban acostumbrados a vivir en soledad, costumbre heredada generaci\u00f3n tras generaci\u00f3n, desde los tatarabuelos Eustaquio, el de Dal\u00edas; e Y\u00f1iguez, el tatarabuelo de insigne origen, relacionado con el apellido Ybarra, real impresor de Carlos III y primer impresor de El Quijote.<br \/>\nLa libertad que vivi\u00f3 Antonio en Mesa Rold\u00e1n y en Cabo de Gata y que, con gran beneficio, vivieron sus hijas en Cabo de Gata.<\/p>\n<\/div><\/section><\/div>\n<style type=\"text\/css\" data-created_by=\"avia_inline_auto\" id=\"style-css-av-tlrqq-8b977b4efb0cc772a66ee057a545de05\">\n.flex_column.av-tlrqq-8b977b4efb0cc772a66ee057a545de05{\nborder-radius:0px 0px 0px 0px;\n-webkit-border-radius:0px 0px 0px 0px;\n-moz-border-radius:0px 0px 0px 0px;\n}\n<\/style>\n<div class='flex_column av-tlrqq-8b977b4efb0cc772a66ee057a545de05 av_one_half  avia-builder-el-9  el_after_av_one_half  avia-builder-el-last  flex_column_div  av-animated-generic bottom-to-top av-zero-column-padding '   ><section  class='av_textblock_section av-l6m3x6jm-3198b50a4a0993c2613e07fb9aeeacbb'  itemscope=\"itemscope\" itemtype=\"https:\/\/schema.org\/CreativeWork\" ><div class='avia_textblock'  itemprop=\"text\" ><p>La libertad que buscaba aquel ni\u00f1o que en la revista Semana, a los pies del faro de El Sabinal, declaraba que quer\u00eda ser de mayor como su abuelo Eustaquio, el hermano mayor de Eugenio y Seraf\u00edn.<br \/>\nEsa libertad, mal entendida, que lleva a la tristeza del cambio del paisaje en el entorno del faro y en su propio perfil. Comprueben lo indicado en las fotograf\u00edas antiguas que aparecen en el documental.<br \/>\nAl concluir la entrevista, m\u00e1s a\u00fan cuando la reproduzco para seleccionar los pasajes que casan con el guion del documental, uno se siente satisfecho por encontrar un uso con contenido del t\u00e9rmino libertad, la misma libertad que me tomo para indicarle que gracias al trato de Javier, de Antonio o el de \u00c1ngeles, aquella ni\u00f1a del faro de Cabo de Gata, uno se siente a veces desdichado por ser part\u00edcipe del cari\u00f1o familiar.<br \/>\nAl concluir la entrevista, pido a Antonio que salude a su hermano Javier y a su madre, esa mujer de espl\u00e9ndida sonrisa.<\/p>\n<\/div><\/section><\/div><\/div><\/div><\/main><!-- close content main element --><\/div><\/div><div id='after_section_1'  class='main_color av_default_container_wrap container_wrap fullsize'  ><div class='container av-section-cont-open' ><div class='template-page content  av-content-full alpha units'><div class='post-entry post-entry-type-page post-entry-594'><div class='entry-content-wrapper clearfix'><div  class='av-social-sharing-box av-in3eq-f26bf8d130d20419f5fa8ad542c93694 av-social-sharing-box-default  avia-builder-el-11  el_after_av_section  el_before_av_one_full  avia-builder-el-first  av-social-sharing-box-fullwidth'><div class=\"av-share-box\"><h5 class='av-share-link-description av-no-toc '>Compartir esta entrada<\/h5><ul class=\"av-share-box-list noLightbox\"><li class='av-share-link av-social-link-facebook' ><a target=\"_blank\" aria-label=\"Compartir en Facebook\" href='https:\/\/www.facebook.com\/sharer.php?u=https:\/\/www.lamemoriadelcabo.com\/index.php\/portfolio-item\/a-dummy-portfolio-entry-12\/&#038;t=CABO%20DE%20GATA%2C%20LOS%20GANDOLFO%20Y%20LA%20VIDA%20EN%20LOS%20FAROS' aria-hidden='false' data-av_icon='\ue8f3' data-av_iconfont='entypo-fontello' title='' data-avia-related-tooltip='Compartir en Facebook' rel=\"noopener\"><span class='avia_hidden_link_text'>Compartir en Facebook<\/span><\/a><\/li><li class='av-share-link av-social-link-twitter' ><a target=\"_blank\" aria-label=\"Compartir en Twitter\" href='https:\/\/twitter.com\/share?text=CABO%20DE%20GATA%2C%20LOS%20GANDOLFO%20Y%20LA%20VIDA%20EN%20LOS%20FAROS&#038;url=https:\/\/www.lamemoriadelcabo.com\/?p=594' aria-hidden='false' data-av_icon='\ue8f1' data-av_iconfont='entypo-fontello' title='' data-avia-related-tooltip='Compartir en Twitter' rel=\"noopener\"><span class='avia_hidden_link_text'>Compartir en Twitter<\/span><\/a><\/li><li class='av-share-link av-social-link-whatsapp' ><a target=\"_blank\" aria-label=\"Share on WhatsApp\" href='https:\/\/api.whatsapp.com\/send?text=https:\/\/www.lamemoriadelcabo.com\/index.php\/portfolio-item\/a-dummy-portfolio-entry-12\/' aria-hidden='false' data-av_icon='\uf232' data-av_iconfont='entypo-fontello' title='' data-avia-related-tooltip='Share on WhatsApp' rel=\"noopener\"><span class='avia_hidden_link_text'>Share on WhatsApp<\/span><\/a><\/li><li class='av-share-link av-social-link-mail' ><a  aria-label=\"Compartir por correo\" href='mailto:?subject=CABO%20DE%20GATA%2C%20LOS%20GANDOLFO%20Y%20LA%20VIDA%20EN%20LOS%20FAROS&#038;body=https:\/\/www.lamemoriadelcabo.com\/index.php\/portfolio-item\/a-dummy-portfolio-entry-12\/' aria-hidden='false' data-av_icon='\ue805' data-av_iconfont='entypo-fontello' title='' data-avia-related-tooltip='Compartir por correo'><span class='avia_hidden_link_text'>Compartir por correo<\/span><\/a><\/li><\/ul><\/div><\/div><\/p>\n\n<style type=\"text\/css\" data-created_by=\"avia_inline_auto\" id=\"style-css-av-dt6lu-570ac0d78d92c0b35309713cd99d45cd\">\n.flex_column.av-dt6lu-570ac0d78d92c0b35309713cd99d45cd{\nborder-radius:0px 0px 0px 0px;\n-webkit-border-radius:0px 0px 0px 0px;\n-moz-border-radius:0px 0px 0px 0px;\n}\n<\/style>\n<div class='flex_column av-dt6lu-570ac0d78d92c0b35309713cd99d45cd av_one_full  avia-builder-el-12  el_after_av_social_share  avia-builder-el-last  first flex_column_div  av-animated-generic bottom-to-top av-zero-column-padding '   ><section  class='av_textblock_section av-9fnb6-f858f7227fb9b21ddcba84f250e5f8af'  itemscope=\"itemscope\" itemtype=\"https:\/\/schema.org\/CreativeWork\" ><div class='avia_textblock'  itemprop=\"text\" ><p style=\"text-align: center;\">Manuel C. Rodr\u00edguez Rodr\u00edguez. Direcci\u00f3n-Documentaci\u00f3n-Guion de la serie documental \u00abLa Memoria del Cabo\u00bb<\/p>\n<\/div><\/section><\/div>\n","protected":false},"excerpt":{"rendered":"","protected":false},"featured_media":1152,"comment_status":"open","ping_status":"closed","template":"","tags":[25,28,27,23,22,29,31,24,32,30,33,26],"portfolio_entries":[35,21],"class_list":["post-594","portfolio","type-portfolio","status-publish","has-post-thumbnail","hentry","tag-almadraba","tag-cine","tag-emigracion","tag-esparto","tag-familias-terratenientes","tag-faro","tag-michelin","tag-mineria","tag-parque-natural","tag-pesca","tag-pueblo","tag-salinas","portfolio_entries-inicio","portfolio_entries-las-localizaciones"],"_links":{"self":[{"href":"https:\/\/www.lamemoriadelcabo.com\/index.php\/wp-json\/wp\/v2\/portfolio\/594","targetHints":{"allow":["GET"]}}],"collection":[{"href":"https:\/\/www.lamemoriadelcabo.com\/index.php\/wp-json\/wp\/v2\/portfolio"}],"about":[{"href":"https:\/\/www.lamemoriadelcabo.com\/index.php\/wp-json\/wp\/v2\/types\/portfolio"}],"replies":[{"embeddable":true,"href":"https:\/\/www.lamemoriadelcabo.com\/index.php\/wp-json\/wp\/v2\/comments?post=594"}],"version-history":[{"count":11,"href":"https:\/\/www.lamemoriadelcabo.com\/index.php\/wp-json\/wp\/v2\/portfolio\/594\/revisions"}],"predecessor-version":[{"id":1197,"href":"https:\/\/www.lamemoriadelcabo.com\/index.php\/wp-json\/wp\/v2\/portfolio\/594\/revisions\/1197"}],"wp:featuredmedia":[{"embeddable":true,"href":"https:\/\/www.lamemoriadelcabo.com\/index.php\/wp-json\/wp\/v2\/media\/1152"}],"wp:attachment":[{"href":"https:\/\/www.lamemoriadelcabo.com\/index.php\/wp-json\/wp\/v2\/media?parent=594"}],"wp:term":[{"taxonomy":"post_tag","embeddable":true,"href":"https:\/\/www.lamemoriadelcabo.com\/index.php\/wp-json\/wp\/v2\/tags?post=594"},{"taxonomy":"portfolio_entries","embeddable":true,"href":"https:\/\/www.lamemoriadelcabo.com\/index.php\/wp-json\/wp\/v2\/portfolio_entries?post=594"}],"curies":[{"name":"wp","href":"https:\/\/api.w.org\/{rel}","templated":true}]}}