{"id":603,"date":"2022-07-23T19:46:08","date_gmt":"2022-07-23T19:46:08","guid":{"rendered":"https:\/\/kriesi.at\/themes\/enfold-elegant-portfolio\/portfolio-item\/a-dummy-portfolio-entry-3\/"},"modified":"2022-08-10T09:17:23","modified_gmt":"2022-08-10T09:17:23","slug":"a-dummy-portfolio-entry-3","status":"publish","type":"portfolio","link":"https:\/\/www.lamemoriadelcabo.com\/index.php\/portfolio-item\/a-dummy-portfolio-entry-3\/","title":{"rendered":"ANTONIO \u201cEL BARBAS\u201d, LA MEMORIA DE LA PESCA"},"content":{"rendered":"<div id='av_section_1'  class='avia-section av-1mcg7f-399e672f0389517429786354ba24b464 main_color avia-section-huge avia-no-shadow  avia-builder-el-0  el_before_av_social_share  avia-builder-el-first  avia-bg-style-scroll container_wrap fullsize'  ><div class='container av-section-cont-open' ><main  role=\"main\" itemprop=\"mainContentOfPage\"  class='template-page content  av-content-full alpha units'><div class='post-entry post-entry-type-page post-entry-603'><div class='entry-content-wrapper clearfix'>\n\n<style type=\"text\/css\" data-created_by=\"avia_inline_auto\" id=\"style-css-av-1c97tf-c1d5986b34147bf38e04bb70a09bb4fe\">\n#top .flex_column.av-1c97tf-c1d5986b34147bf38e04bb70a09bb4fe{\nmargin-top:0px;\nmargin-bottom:0px;\n}\n.flex_column.av-1c97tf-c1d5986b34147bf38e04bb70a09bb4fe{\nborder-radius:0px 0px 0px 0px;\n-webkit-border-radius:0px 0px 0px 0px;\n-moz-border-radius:0px 0px 0px 0px;\n}\n.responsive #top #wrap_all .flex_column.av-1c97tf-c1d5986b34147bf38e04bb70a09bb4fe{\nmargin-top:0px;\nmargin-bottom:0px;\n}\n<\/style>\n<div class='flex_column av-1c97tf-c1d5986b34147bf38e04bb70a09bb4fe av_one_full  avia-builder-el-1  el_before_av_masonry_gallery  avia-builder-el-no-sibling  first flex_column_div  av-animated-generic fade-in av-zero-column-padding '   ><style type=\"text\/css\" data-created_by=\"avia_inline_auto\" id=\"style-css-av-l6dnfrcl-691937d9c97f341f770284c09542de1a\">\n#top .av-special-heading.av-l6dnfrcl-691937d9c97f341f770284c09542de1a{\nmargin:40px 0 40px 0;\npadding-bottom:0px;\nfont-size:80px;\n}\nbody .av-special-heading.av-l6dnfrcl-691937d9c97f341f770284c09542de1a .av-special-heading-tag .heading-char{\nfont-size:25px;\n}\n#top #wrap_all .av-special-heading.av-l6dnfrcl-691937d9c97f341f770284c09542de1a .av-special-heading-tag{\nfont-size:80px;\n}\n.av-special-heading.av-l6dnfrcl-691937d9c97f341f770284c09542de1a .av-subheading{\nfont-size:15px;\n}\n\n@media only screen and (max-width: 479px){ \n#top #wrap_all .av-special-heading.av-l6dnfrcl-691937d9c97f341f770284c09542de1a .av-special-heading-tag{\nfont-size:60px;\n}\n}\n<\/style>\n<div  class='av-special-heading av-l6dnfrcl-691937d9c97f341f770284c09542de1a av-special-heading-h3 blockquote modern-quote  avia-builder-el-2  avia-builder-el-no-sibling  av-inherit-size'><h3 class='av-special-heading-tag'  itemprop=\"headline\"  >ANTONIO <span class='special_amp'>\u201c<\/span>EL BARBAS<span class='special_amp'>\u201d<\/span>, LA MEMORIA DE LA PESCA<\/h3><div class=\"special-heading-border\"><div class=\"special-heading-inner-border\"><\/div><\/div><\/div><\/div>\n<style type=\"text\/css\" data-created_by=\"avia_inline_auto\" id=\"style-css-av-l6dodzt7-e4a6c0464e4c9f6a84fd3f967dcab205\">\n#top .av-masonry.av-l6dodzt7-e4a6c0464e4c9f6a84fd3f967dcab205{\nbackground-color:#111111;\n}\n<\/style>\n<div id='av-masonry-1' class='av-masonry av-l6dodzt7-e4a6c0464e4c9f6a84fd3f967dcab205 noHover av-fixed-size av-large-gap av-hover-overlay- av-masonry-animation-active av-masonry-col-3 av-caption-always av-caption-style- av-masonry-gallery av-orientation-square '><div class=\"av-masonry-container isotope av-js-disabled\"><div class='av-masonry-entry isotope-item av-masonry-item-no-image '><\/div><div id='av-masonry-1-item-1017' data-av-masonry-item='1017' class='av-masonry-entry isotope-item post-1017 attachment type-attachment status-inherit hentry  av-masonry-item-with-image'   itemprop=\"thumbnailUrl\" ><div class='av-inner-masonry-sizer'><\/div><figure class='av-inner-masonry main_color'><div class=\"av-masonry-outerimage-container\"><div class='av-masonry-image-container' style=\"background-image: url(https:\/\/www.lamemoriadelcabo.com\/wp-content\/uploads\/2018\/04\/Antonio_Barbas04-01-705x666.jpg);\"  ><\/div><\/div><\/figure><\/div><!--end av-masonry entry--><div id='av-masonry-1-item-1015' data-av-masonry-item='1015' class='av-masonry-entry isotope-item post-1015 attachment type-attachment status-inherit hentry  av-masonry-item-with-image'   itemprop=\"thumbnailUrl\" ><div class='av-inner-masonry-sizer'><\/div><figure class='av-inner-masonry main_color'><div class=\"av-masonry-outerimage-container\"><div class='av-masonry-image-container' style=\"background-image: url(https:\/\/www.lamemoriadelcabo.com\/wp-content\/uploads\/2018\/04\/Antonio_Barbas01-01-705x666.jpg);\"  ><\/div><\/div><\/figure><\/div><!--end av-masonry entry--><div id='av-masonry-1-item-1018' data-av-masonry-item='1018' class='av-masonry-entry isotope-item post-1018 attachment type-attachment status-inherit hentry  av-masonry-item-with-image'   itemprop=\"thumbnailUrl\" ><div class='av-inner-masonry-sizer'><\/div><figure class='av-inner-masonry main_color'><div class=\"av-masonry-outerimage-container\"><div class='av-masonry-image-container' style=\"background-image: url(https:\/\/www.lamemoriadelcabo.com\/wp-content\/uploads\/2018\/04\/Antonio_Barbas05-01-705x666.jpg);\"  ><\/div><\/div><\/figure><\/div><!--end av-masonry entry--><\/div><\/div>\n\n<style type=\"text\/css\" data-created_by=\"avia_inline_auto\" id=\"style-css-av-18oscz-a183274e98248c8e3d0701b99bd71d73\">\n#top .hr.hr-invisible.av-18oscz-a183274e98248c8e3d0701b99bd71d73{\nheight:70px;\n}\n<\/style>\n<div  class='hr av-18oscz-a183274e98248c8e3d0701b99bd71d73 hr-invisible  avia-builder-el-4  el_after_av_masonry_gallery  el_before_av_textblock  avia-builder-el-first '><span class='hr-inner '><span class=\"hr-inner-style\"><\/span><\/span><\/div>\n<section  class='av_textblock_section av-l6dngk3f-aa3424c981d71c24a8d23c25b6b17a0a'  itemscope=\"itemscope\" itemtype=\"https:\/\/schema.org\/CreativeWork\" ><div class='avia_textblock'  itemprop=\"text\" ><blockquote>\n<h3>La confianza de este marinero del Juan Sebasti\u00e1n Elcano es garant\u00eda de conversaciones profundas, llenas de datos que permiten contrastar sus respuestas y que me llevan a considerar nuclear su participaci\u00f3n en este proyecto que versa sobre la memoria de Cabo de Gata.<\/h3>\n<\/blockquote>\n<\/div><\/section>\n\n<style type=\"text\/css\" data-created_by=\"avia_inline_auto\" id=\"style-css-av-146xyz-d8a561e183a5ab7dce5e45e1ae97211c\">\n#top .hr.hr-invisible.av-146xyz-d8a561e183a5ab7dce5e45e1ae97211c{\nmargin-top:-10px;\nheight:1px;\n}\n<\/style>\n<div  class='hr av-146xyz-d8a561e183a5ab7dce5e45e1ae97211c hr-invisible  avia-builder-el-6  el_after_av_textblock  el_before_av_one_half '><span class='hr-inner '><span class=\"hr-inner-style\"><\/span><\/span><\/div>\n\n<style type=\"text\/css\" data-created_by=\"avia_inline_auto\" id=\"style-css-av-uggor-252583ff9d46916df4d4355859c0a684\">\n.flex_column.av-uggor-252583ff9d46916df4d4355859c0a684{\nborder-radius:0px 0px 0px 0px;\n-webkit-border-radius:0px 0px 0px 0px;\n-moz-border-radius:0px 0px 0px 0px;\n}\n<\/style>\n<div class='flex_column av-uggor-252583ff9d46916df4d4355859c0a684 av_one_half  avia-builder-el-7  el_after_av_hr  el_before_av_one_half  first flex_column_div  av-animated-generic bottom-to-top av-zero-column-padding '   ><section  class='av_textblock_section av-l6dngywu-2263793999c70e5e2c6f357fdd2b0b30'  itemscope=\"itemscope\" itemtype=\"https:\/\/schema.org\/CreativeWork\" ><div class='avia_textblock'  itemprop=\"text\" ><p>En visitas anteriores a la playa de los pescadores de Cabo de Gata, me dirig\u00ed t\u00edmidamente a Antonio Rodr\u00edguez, m\u00e1s conocido como Antonio \u201cEl Barbas\u201d.<br \/>\nSiempre advert\u00ed en Antonio un gesto de prudencia, puede que fruto de la postura del que observa antes de intervenir o del que est\u00e1 acostumbrado al acercamiento de personas curiosas por lo interesante de su actividad.<br \/>\nDel mismo modo, Antonio se acercaba sol\u00edcito para ofrecer uno de esos llaveros que anuda configurando una esfera con la misma normalidad con la que a\u00f1os atr\u00e1s armaba los diferentes artes de pesca.<br \/>\nHay en la mirada de Antonio un gesto de bondad que no atisba candidez y que tiene su origen en su nobleza.<\/p>\n<\/div><\/section><\/div>\n<style type=\"text\/css\" data-created_by=\"avia_inline_auto\" id=\"style-css-av-ryygr-896af66f25161561780373594cfe1aee\">\n.flex_column.av-ryygr-896af66f25161561780373594cfe1aee{\nborder-radius:0px 0px 0px 0px;\n-webkit-border-radius:0px 0px 0px 0px;\n-moz-border-radius:0px 0px 0px 0px;\n}\n<\/style>\n<div class='flex_column av-ryygr-896af66f25161561780373594cfe1aee av_one_half  avia-builder-el-9  el_after_av_one_half  avia-builder-el-last  flex_column_div  av-animated-generic bottom-to-top av-zero-column-padding '   ><section  class='av_textblock_section av-l6dnh8md-2f7a662551875920b8b7203120c84307'  itemscope=\"itemscope\" itemtype=\"https:\/\/schema.org\/CreativeWork\" ><div class='avia_textblock'  itemprop=\"text\" ><p>Este hombre septuagenario destaca por su altura, tambi\u00e9n por un perfil que le permiti\u00f3 ser figurante en un sinf\u00edn de pel\u00edculas a las que se refiere cuando le pregunto por ellas, en una enumeraci\u00f3n que resulta sorprendente por precisa, como todo su testimonio.<br \/>\nTodo es sobriedad en los gestos de Antonio, un hombre de andar sereno y desgarbado, con una tendencia a acicalarse esa barba que le ha servido de apodo, mote que comparte con el de Antonio \u201cel Chato\u201d.<br \/>\nPocas son las cosas que parecen exasperar a Antonio, especialmente algunos episodios relacionados con su experiencia de pescador, el que llev\u00f3 a ser el \u00faltimo pescador en abandonar su posici\u00f3n de varada bajo las casas de Cabo de Gata o la prohibici\u00f3n de la lav\u00e1 en la d\u00e9cada de los ochenta, arte de pesca singular de Cabo de Gata en cuya creaci\u00f3n tuvo mucho que ver su padre.<\/p>\n<\/div><\/section><\/div><\/div><\/div><\/main><!-- close content main element --><\/div><\/div><div id='after_section_1'  class='main_color av_default_container_wrap container_wrap fullsize'  ><div class='container av-section-cont-open' ><div class='template-page content  av-content-full alpha units'><div class='post-entry post-entry-type-page post-entry-603'><div class='entry-content-wrapper clearfix'><div  class='av-social-sharing-box av-iw8w3-cd873b97093e344e93049ec5c029ebf2 av-social-sharing-box-default  avia-builder-el-11  el_after_av_section  el_before_av_one_full  avia-builder-el-first  av-social-sharing-box-fullwidth'><div class=\"av-share-box\"><h5 class='av-share-link-description av-no-toc '>Compartir esta entrada<\/h5><ul class=\"av-share-box-list noLightbox\"><li class='av-share-link av-social-link-facebook' ><a target=\"_blank\" aria-label=\"Compartir en Facebook\" href='https:\/\/www.facebook.com\/sharer.php?u=https:\/\/www.lamemoriadelcabo.com\/index.php\/portfolio-item\/a-dummy-portfolio-entry-3\/&#038;t=ANTONIO%20%E2%80%9CEL%20BARBAS%E2%80%9D%2C%20LA%20MEMORIA%20DE%20LA%20PESCA' aria-hidden='false' data-av_icon='\ue8f3' data-av_iconfont='entypo-fontello' title='' data-avia-related-tooltip='Compartir en Facebook' rel=\"noopener\"><span class='avia_hidden_link_text'>Compartir en Facebook<\/span><\/a><\/li><li class='av-share-link av-social-link-twitter' ><a target=\"_blank\" aria-label=\"Compartir en Twitter\" href='https:\/\/twitter.com\/share?text=ANTONIO%20%E2%80%9CEL%20BARBAS%E2%80%9D%2C%20LA%20MEMORIA%20DE%20LA%20PESCA&#038;url=https:\/\/www.lamemoriadelcabo.com\/?p=603' aria-hidden='false' data-av_icon='\ue8f1' data-av_iconfont='entypo-fontello' title='' data-avia-related-tooltip='Compartir en Twitter' rel=\"noopener\"><span class='avia_hidden_link_text'>Compartir en Twitter<\/span><\/a><\/li><li class='av-share-link av-social-link-whatsapp' ><a target=\"_blank\" aria-label=\"Share on WhatsApp\" href='https:\/\/api.whatsapp.com\/send?text=https:\/\/www.lamemoriadelcabo.com\/index.php\/portfolio-item\/a-dummy-portfolio-entry-3\/' aria-hidden='false' data-av_icon='\uf232' data-av_iconfont='entypo-fontello' title='' data-avia-related-tooltip='Share on WhatsApp' rel=\"noopener\"><span class='avia_hidden_link_text'>Share on WhatsApp<\/span><\/a><\/li><li class='av-share-link av-social-link-mail' ><a  aria-label=\"Compartir por correo\" href='mailto:?subject=ANTONIO%20%E2%80%9CEL%20BARBAS%E2%80%9D%2C%20LA%20MEMORIA%20DE%20LA%20PESCA&#038;body=https:\/\/www.lamemoriadelcabo.com\/index.php\/portfolio-item\/a-dummy-portfolio-entry-3\/' aria-hidden='false' data-av_icon='\ue805' data-av_iconfont='entypo-fontello' title='' data-avia-related-tooltip='Compartir por correo'><span class='avia_hidden_link_text'>Compartir por correo<\/span><\/a><\/li><\/ul><\/div><\/div><\/p>\n\n<style type=\"text\/css\" data-created_by=\"avia_inline_auto\" id=\"style-css-av-gdspv-35285d63bed7dbd1b6816778ed2d615e\">\n.flex_column.av-gdspv-35285d63bed7dbd1b6816778ed2d615e{\nborder-radius:0px 0px 0px 0px;\n-webkit-border-radius:0px 0px 0px 0px;\n-moz-border-radius:0px 0px 0px 0px;\n}\n<\/style>\n<div class='flex_column av-gdspv-35285d63bed7dbd1b6816778ed2d615e av_one_full  avia-builder-el-12  el_after_av_social_share  avia-builder-el-last  first flex_column_div  av-animated-generic bottom-to-top av-zero-column-padding '   ><section  class='av_textblock_section av-8pe3n-857d77b93779b8b07d7cca89cd7ad33c'  itemscope=\"itemscope\" itemtype=\"https:\/\/schema.org\/CreativeWork\" ><div class='avia_textblock'  itemprop=\"text\" ><p style=\"text-align: center;\">Manuel C. Rodr\u00edguez Rodr\u00edguez. Direcci\u00f3n-Documentaci\u00f3n-Guion de la serie documental \u00abLa Memoria del Cabo\u00bb<\/p>\n<\/div><\/section><\/div>\n","protected":false},"excerpt":{"rendered":"","protected":false},"featured_media":792,"comment_status":"open","ping_status":"closed","template":"","tags":[25,28,27,23,22,29,31,24,32,30,33,26],"portfolio_entries":[35,36],"class_list":["post-603","portfolio","type-portfolio","status-publish","has-post-thumbnail","hentry","tag-almadraba","tag-cine","tag-emigracion","tag-esparto","tag-familias-terratenientes","tag-faro","tag-michelin","tag-mineria","tag-parque-natural","tag-pesca","tag-pueblo","tag-salinas","portfolio_entries-inicio","portfolio_entries-testimonios"],"_links":{"self":[{"href":"https:\/\/www.lamemoriadelcabo.com\/index.php\/wp-json\/wp\/v2\/portfolio\/603","targetHints":{"allow":["GET"]}}],"collection":[{"href":"https:\/\/www.lamemoriadelcabo.com\/index.php\/wp-json\/wp\/v2\/portfolio"}],"about":[{"href":"https:\/\/www.lamemoriadelcabo.com\/index.php\/wp-json\/wp\/v2\/types\/portfolio"}],"replies":[{"embeddable":true,"href":"https:\/\/www.lamemoriadelcabo.com\/index.php\/wp-json\/wp\/v2\/comments?post=603"}],"version-history":[{"count":5,"href":"https:\/\/www.lamemoriadelcabo.com\/index.php\/wp-json\/wp\/v2\/portfolio\/603\/revisions"}],"predecessor-version":[{"id":1124,"href":"https:\/\/www.lamemoriadelcabo.com\/index.php\/wp-json\/wp\/v2\/portfolio\/603\/revisions\/1124"}],"wp:featuredmedia":[{"embeddable":true,"href":"https:\/\/www.lamemoriadelcabo.com\/index.php\/wp-json\/wp\/v2\/media\/792"}],"wp:attachment":[{"href":"https:\/\/www.lamemoriadelcabo.com\/index.php\/wp-json\/wp\/v2\/media?parent=603"}],"wp:term":[{"taxonomy":"post_tag","embeddable":true,"href":"https:\/\/www.lamemoriadelcabo.com\/index.php\/wp-json\/wp\/v2\/tags?post=603"},{"taxonomy":"portfolio_entries","embeddable":true,"href":"https:\/\/www.lamemoriadelcabo.com\/index.php\/wp-json\/wp\/v2\/portfolio_entries?post=603"}],"curies":[{"name":"wp","href":"https:\/\/api.w.org\/{rel}","templated":true}]}}